{"id":165,"date":"2023-03-28T19:34:58","date_gmt":"2023-03-28T19:34:58","guid":{"rendered":"https:\/\/ateneuadrianenc.cat\/home\/?page_id=165"},"modified":"2025-10-15T19:04:53","modified_gmt":"2025-10-15T17:04:53","slug":"lateneu-informa","status":"publish","type":"page","link":"https:\/\/ateneuadrianenc.cat\/home\/lateneu-informa\/","title":{"rendered":"L&#8217;ATENEU INFORMA"},"content":{"rendered":"\t\t<div data-elementor-type=\"wp-page\" data-elementor-id=\"165\" class=\"elementor elementor-165\" data-elementor-post-type=\"page\">\n\t\t\t\t\t\t<section class=\"elementor-section elementor-top-section elementor-element elementor-element-723c9ff elementor-section-full_width elementor-section-stretched elementor-section-height-default elementor-section-height-default\" data-id=\"723c9ff\" data-element_type=\"section\" data-settings=\"{&quot;stretch_section&quot;:&quot;section-stretched&quot;}\">\n\t\t\t\t\t\t<div class=\"elementor-container elementor-column-gap-default\">\n\t\t\t\t\t<div class=\"elementor-column elementor-col-100 elementor-top-column elementor-element elementor-element-86389fc\" data-id=\"86389fc\" data-element_type=\"column\">\n\t\t\t<div class=\"elementor-widget-wrap elementor-element-populated\">\n\t\t\t\t\t\t<div class=\"elementor-element elementor-element-1e87c74 elementor-widget elementor-widget-heading\" data-id=\"1e87c74\" data-element_type=\"widget\" data-widget_type=\"heading.default\">\n\t\t\t\t<div class=\"elementor-widget-container\">\n\t\t\t\t\t<h2 class=\"elementor-heading-title elementor-size-default\">L'ATENEU INFORMA<\/h2>\t\t\t\t<\/div>\n\t\t\t\t<\/div>\n\t\t\t\t<div class=\"elementor-element elementor-element-9c0aa92 elementor-widget-divider--view-line elementor-widget elementor-widget-divider\" data-id=\"9c0aa92\" data-element_type=\"widget\" data-widget_type=\"divider.default\">\n\t\t\t\t<div class=\"elementor-widget-container\">\n\t\t\t\t\t\t\t<div class=\"elementor-divider\">\n\t\t\t<span class=\"elementor-divider-separator\">\n\t\t\t\t\t\t<\/span>\n\t\t<\/div>\n\t\t\t\t\t\t<\/div>\n\t\t\t\t<\/div>\n\t\t\t\t\t<\/div>\n\t\t<\/div>\n\t\t\t\t\t<\/div>\n\t\t<\/section>\n\t\t\t\t<section class=\"elementor-section elementor-top-section elementor-element elementor-element-7ec663e elementor-section-boxed elementor-section-height-default elementor-section-height-default\" data-id=\"7ec663e\" data-element_type=\"section\">\n\t\t\t\t\t\t\t<div class=\"elementor-background-overlay\"><\/div>\n\t\t\t\t\t\t\t<div class=\"elementor-container elementor-column-gap-default\">\n\t\t\t\t\t<div class=\"elementor-column elementor-col-100 elementor-top-column elementor-element elementor-element-4708d94\" data-id=\"4708d94\" data-element_type=\"column\">\n\t\t\t<div class=\"elementor-widget-wrap elementor-element-populated\">\n\t\t\t\t\t\t<div class=\"elementor-element elementor-element-ffc0705 elementor-posts--align-center elementor-posts__hover-none elementor-grid-3 elementor-grid-tablet-2 elementor-grid-mobile-1 elementor-posts--thumbnail-top elementor-card-shadow-yes elementor-widget elementor-widget-posts\" data-id=\"ffc0705\" data-element_type=\"widget\" data-settings=\"{&quot;pagination_type&quot;:&quot;prev_next&quot;,&quot;cards_columns&quot;:&quot;3&quot;,&quot;cards_columns_tablet&quot;:&quot;2&quot;,&quot;cards_columns_mobile&quot;:&quot;1&quot;,&quot;cards_row_gap&quot;:{&quot;unit&quot;:&quot;px&quot;,&quot;size&quot;:35,&quot;sizes&quot;:[]},&quot;cards_row_gap_tablet&quot;:{&quot;unit&quot;:&quot;px&quot;,&quot;size&quot;:&quot;&quot;,&quot;sizes&quot;:[]},&quot;cards_row_gap_mobile&quot;:{&quot;unit&quot;:&quot;px&quot;,&quot;size&quot;:&quot;&quot;,&quot;sizes&quot;:[]}}\" data-widget_type=\"posts.cards\">\n\t\t\t\t<div class=\"elementor-widget-container\">\n\t\t\t\t\t\t\t<div class=\"elementor-posts-container elementor-posts elementor-posts--skin-cards elementor-grid\">\n\t\t\t\t<article class=\"elementor-post elementor-grid-item post-13357 post type-post status-publish format-standard has-post-thumbnail hentry category-noticies category-portada\">\n\t\t\t<div class=\"elementor-post__card\">\n\t\t\t\t<a class=\"elementor-post__thumbnail__link\" href=\"https:\/\/ateneuadrianenc.cat\/home\/creacio-fons-documental\/\" tabindex=\"-1\" ><div class=\"elementor-post__thumbnail\"><img fetchpriority=\"high\" decoding=\"async\" width=\"1822\" height=\"2560\" src=\"https:\/\/ateneuadrianenc.cat\/home\/wp-content\/uploads\/2025\/10\/BannerArxiuMunicipalAA-scaled.jpg\" class=\"attachment-full size-full wp-image-13358\" alt=\"\" srcset=\"https:\/\/ateneuadrianenc.cat\/home\/wp-content\/uploads\/2025\/10\/BannerArxiuMunicipalAA-scaled.jpg 1822w, https:\/\/ateneuadrianenc.cat\/home\/wp-content\/uploads\/2025\/10\/BannerArxiuMunicipalAA-214x300.jpg 214w, https:\/\/ateneuadrianenc.cat\/home\/wp-content\/uploads\/2025\/10\/BannerArxiuMunicipalAA-729x1024.jpg 729w, https:\/\/ateneuadrianenc.cat\/home\/wp-content\/uploads\/2025\/10\/BannerArxiuMunicipalAA-768x1079.jpg 768w, https:\/\/ateneuadrianenc.cat\/home\/wp-content\/uploads\/2025\/10\/BannerArxiuMunicipalAA-1093x1536.jpg 1093w, https:\/\/ateneuadrianenc.cat\/home\/wp-content\/uploads\/2025\/10\/BannerArxiuMunicipalAA-1458x2048.jpg 1458w\" sizes=\"(max-width: 1822px) 100vw, 1822px\" \/><\/div><\/a>\n\t\t\t\t<div class=\"elementor-post__text\">\n\t\t\t\t<h3 class=\"elementor-post__title\">\n\t\t\t<a href=\"https:\/\/ateneuadrianenc.cat\/home\/creacio-fons-documental\/\" >\n\t\t\t\tCreaci\u00f3 Fons Documental\t\t\t<\/a>\n\t\t<\/h3>\n\t\t\n\t\t<a class=\"elementor-post__read-more\" href=\"https:\/\/ateneuadrianenc.cat\/home\/creacio-fons-documental\/\" aria-label=\"Read more about Creaci\u00f3 Fons Documental\" tabindex=\"-1\" >\n\t\t\t Llegir m\u00e9s \u00bb\t\t<\/a>\n\n\t\t\t\t<\/div>\n\t\t\t\t<div class=\"elementor-post__meta-data\">\n\t\t\t\t\t<span class=\"elementor-post-date\">\n\t\t\t12 d'octubre de 2025\t\t<\/span>\n\t\t\t\t<\/div>\n\t\t\t\t\t<\/div>\n\t\t<\/article>\n\t\t\t\t<article class=\"elementor-post elementor-grid-item post-7103 post type-post status-publish format-standard has-post-thumbnail hentry category-noticies\">\n\t\t\t<div class=\"elementor-post__card\">\n\t\t\t\t<a class=\"elementor-post__thumbnail__link\" href=\"https:\/\/ateneuadrianenc.cat\/home\/torna-adrilandia\/\" tabindex=\"-1\" ><div class=\"elementor-post__thumbnail\"><img decoding=\"async\" width=\"1822\" height=\"2560\" src=\"https:\/\/ateneuadrianenc.cat\/home\/wp-content\/uploads\/2023\/12\/Adrilandia2024bis-scaled.jpg\" class=\"attachment-full size-full wp-image-7112\" alt=\"\" srcset=\"https:\/\/ateneuadrianenc.cat\/home\/wp-content\/uploads\/2023\/12\/Adrilandia2024bis-scaled.jpg 1822w, https:\/\/ateneuadrianenc.cat\/home\/wp-content\/uploads\/2023\/12\/Adrilandia2024bis-214x300.jpg 214w, https:\/\/ateneuadrianenc.cat\/home\/wp-content\/uploads\/2023\/12\/Adrilandia2024bis-729x1024.jpg 729w, https:\/\/ateneuadrianenc.cat\/home\/wp-content\/uploads\/2023\/12\/Adrilandia2024bis-768x1079.jpg 768w, https:\/\/ateneuadrianenc.cat\/home\/wp-content\/uploads\/2023\/12\/Adrilandia2024bis-1093x1536.jpg 1093w, https:\/\/ateneuadrianenc.cat\/home\/wp-content\/uploads\/2023\/12\/Adrilandia2024bis-1458x2048.jpg 1458w\" sizes=\"(max-width: 1822px) 100vw, 1822px\" \/><\/div><\/a>\n\t\t\t\t<div class=\"elementor-post__text\">\n\t\t\t\t<h3 class=\"elementor-post__title\">\n\t\t\t<a href=\"https:\/\/ateneuadrianenc.cat\/home\/torna-adrilandia\/\" >\n\t\t\t\tTorna Adril\u00e0ndia\t\t\t<\/a>\n\t\t<\/h3>\n\t\t\n\t\t<a class=\"elementor-post__read-more\" href=\"https:\/\/ateneuadrianenc.cat\/home\/torna-adrilandia\/\" aria-label=\"Read more about Torna Adril\u00e0ndia\" tabindex=\"-1\" >\n\t\t\t Llegir m\u00e9s \u00bb\t\t<\/a>\n\n\t\t\t\t<\/div>\n\t\t\t\t<div class=\"elementor-post__meta-data\">\n\t\t\t\t\t<span class=\"elementor-post-date\">\n\t\t\t31 de desembre de 2023\t\t<\/span>\n\t\t\t\t<\/div>\n\t\t\t\t\t<\/div>\n\t\t<\/article>\n\t\t\t\t<article class=\"elementor-post elementor-grid-item post-7055 post type-post status-publish format-standard has-post-thumbnail hentry category-noticies\">\n\t\t\t<div class=\"elementor-post__card\">\n\t\t\t\t<a class=\"elementor-post__thumbnail__link\" href=\"https:\/\/ateneuadrianenc.cat\/home\/exposicio-dels-guardons-del-22e-premi-joan-guillemi\/\" tabindex=\"-1\" ><div class=\"elementor-post__thumbnail\"><img decoding=\"async\" width=\"1822\" height=\"2560\" src=\"https:\/\/ateneuadrianenc.cat\/home\/wp-content\/uploads\/2023\/12\/VeredicteFotos2-scaled.jpg\" class=\"attachment-full size-full wp-image-7075\" alt=\"\" srcset=\"https:\/\/ateneuadrianenc.cat\/home\/wp-content\/uploads\/2023\/12\/VeredicteFotos2-scaled.jpg 1822w, https:\/\/ateneuadrianenc.cat\/home\/wp-content\/uploads\/2023\/12\/VeredicteFotos2-214x300.jpg 214w, https:\/\/ateneuadrianenc.cat\/home\/wp-content\/uploads\/2023\/12\/VeredicteFotos2-729x1024.jpg 729w, https:\/\/ateneuadrianenc.cat\/home\/wp-content\/uploads\/2023\/12\/VeredicteFotos2-768x1079.jpg 768w, https:\/\/ateneuadrianenc.cat\/home\/wp-content\/uploads\/2023\/12\/VeredicteFotos2-1093x1536.jpg 1093w, https:\/\/ateneuadrianenc.cat\/home\/wp-content\/uploads\/2023\/12\/VeredicteFotos2-1458x2048.jpg 1458w\" sizes=\"(max-width: 1822px) 100vw, 1822px\" \/><\/div><\/a>\n\t\t\t\t<div class=\"elementor-post__text\">\n\t\t\t\t<h3 class=\"elementor-post__title\">\n\t\t\t<a href=\"https:\/\/ateneuadrianenc.cat\/home\/exposicio-dels-guardons-del-22e-premi-joan-guillemi\/\" >\n\t\t\t\tExposici\u00f3 dels guardons del 22\u00e8 Premi Joan Guillem\u00ed\t\t\t<\/a>\n\t\t<\/h3>\n\t\t\n\t\t<a class=\"elementor-post__read-more\" href=\"https:\/\/ateneuadrianenc.cat\/home\/exposicio-dels-guardons-del-22e-premi-joan-guillemi\/\" aria-label=\"Read more about Exposici\u00f3 dels guardons del 22\u00e8 Premi Joan Guillem\u00ed\" tabindex=\"-1\" >\n\t\t\t Llegir m\u00e9s \u00bb\t\t<\/a>\n\n\t\t\t\t<\/div>\n\t\t\t\t<div class=\"elementor-post__meta-data\">\n\t\t\t\t\t<span class=\"elementor-post-date\">\n\t\t\t22 de desembre de 2023\t\t<\/span>\n\t\t\t\t<\/div>\n\t\t\t\t\t<\/div>\n\t\t<\/article>\n\t\t\t\t<article class=\"elementor-post elementor-grid-item post-6445 post type-post status-publish format-standard has-post-thumbnail hentry category-noticies\">\n\t\t\t<div class=\"elementor-post__card\">\n\t\t\t\t<a class=\"elementor-post__thumbnail__link\" href=\"https:\/\/ateneuadrianenc.cat\/home\/migracions-i-cultura-incidencia-dels-fets-migratoris-dimarts-21-de-novembre-a-la-biblioteca-de-sant-adria\/\" tabindex=\"-1\" ><div class=\"elementor-post__thumbnail\"><img loading=\"lazy\" decoding=\"async\" width=\"1822\" height=\"2560\" src=\"https:\/\/ateneuadrianenc.cat\/home\/wp-content\/uploads\/2023\/11\/MigracioiCultura-scaled.jpg\" class=\"attachment-full size-full wp-image-6448\" alt=\"\" srcset=\"https:\/\/ateneuadrianenc.cat\/home\/wp-content\/uploads\/2023\/11\/MigracioiCultura-scaled.jpg 1822w, https:\/\/ateneuadrianenc.cat\/home\/wp-content\/uploads\/2023\/11\/MigracioiCultura-214x300.jpg 214w, https:\/\/ateneuadrianenc.cat\/home\/wp-content\/uploads\/2023\/11\/MigracioiCultura-729x1024.jpg 729w, https:\/\/ateneuadrianenc.cat\/home\/wp-content\/uploads\/2023\/11\/MigracioiCultura-768x1079.jpg 768w, https:\/\/ateneuadrianenc.cat\/home\/wp-content\/uploads\/2023\/11\/MigracioiCultura-1093x1536.jpg 1093w, https:\/\/ateneuadrianenc.cat\/home\/wp-content\/uploads\/2023\/11\/MigracioiCultura-1458x2048.jpg 1458w\" sizes=\"(max-width: 1822px) 100vw, 1822px\" \/><\/div><\/a>\n\t\t\t\t<div class=\"elementor-post__text\">\n\t\t\t\t<h3 class=\"elementor-post__title\">\n\t\t\t<a href=\"https:\/\/ateneuadrianenc.cat\/home\/migracions-i-cultura-incidencia-dels-fets-migratoris-dimarts-21-de-novembre-a-la-biblioteca-de-sant-adria\/\" >\n\t\t\t\tMigracions i Cultura, incidencia dels fets migratoris. Dimarts, 21 de novembre a la Biblioteca de Sant Adri\u00e0.\t\t\t<\/a>\n\t\t<\/h3>\n\t\t\n\t\t<a class=\"elementor-post__read-more\" href=\"https:\/\/ateneuadrianenc.cat\/home\/migracions-i-cultura-incidencia-dels-fets-migratoris-dimarts-21-de-novembre-a-la-biblioteca-de-sant-adria\/\" aria-label=\"Read more about Migracions i Cultura, incidencia dels fets migratoris. Dimarts, 21 de novembre a la Biblioteca de Sant Adri\u00e0.\" tabindex=\"-1\" >\n\t\t\t Llegir m\u00e9s \u00bb\t\t<\/a>\n\n\t\t\t\t<\/div>\n\t\t\t\t<div class=\"elementor-post__meta-data\">\n\t\t\t\t\t<span class=\"elementor-post-date\">\n\t\t\t21 de novembre de 2023\t\t<\/span>\n\t\t\t\t<\/div>\n\t\t\t\t\t<\/div>\n\t\t<\/article>\n\t\t\t\t<article class=\"elementor-post elementor-grid-item post-6397 post type-post status-publish format-standard has-post-thumbnail hentry category-noticies\">\n\t\t\t<div class=\"elementor-post__card\">\n\t\t\t\t<a class=\"elementor-post__thumbnail__link\" href=\"https:\/\/ateneuadrianenc.cat\/home\/31a-mostra-internacional-de-films-de-dones-de-barcelona-17-de-novembre-a-les-2000-hrs\/\" tabindex=\"-1\" ><div class=\"elementor-post__thumbnail\"><img loading=\"lazy\" decoding=\"async\" width=\"1822\" height=\"2560\" src=\"https:\/\/ateneuadrianenc.cat\/home\/wp-content\/uploads\/2023\/11\/31aMIFDB-scaled.jpg\" class=\"attachment-full size-full wp-image-6419\" alt=\"\" srcset=\"https:\/\/ateneuadrianenc.cat\/home\/wp-content\/uploads\/2023\/11\/31aMIFDB-scaled.jpg 1822w, https:\/\/ateneuadrianenc.cat\/home\/wp-content\/uploads\/2023\/11\/31aMIFDB-214x300.jpg 214w, https:\/\/ateneuadrianenc.cat\/home\/wp-content\/uploads\/2023\/11\/31aMIFDB-729x1024.jpg 729w, https:\/\/ateneuadrianenc.cat\/home\/wp-content\/uploads\/2023\/11\/31aMIFDB-768x1079.jpg 768w, https:\/\/ateneuadrianenc.cat\/home\/wp-content\/uploads\/2023\/11\/31aMIFDB-1093x1536.jpg 1093w, https:\/\/ateneuadrianenc.cat\/home\/wp-content\/uploads\/2023\/11\/31aMIFDB-1458x2048.jpg 1458w\" sizes=\"(max-width: 1822px) 100vw, 1822px\" \/><\/div><\/a>\n\t\t\t\t<div class=\"elementor-post__text\">\n\t\t\t\t<h3 class=\"elementor-post__title\">\n\t\t\t<a href=\"https:\/\/ateneuadrianenc.cat\/home\/31a-mostra-internacional-de-films-de-dones-de-barcelona-17-de-novembre-a-les-2000-hrs\/\" >\n\t\t\t\t31a Mostra Internacional de Films de dones de Barcelona &#8211; 17 de novembre a les 20:00 hrs\t\t\t<\/a>\n\t\t<\/h3>\n\t\t\n\t\t<a class=\"elementor-post__read-more\" href=\"https:\/\/ateneuadrianenc.cat\/home\/31a-mostra-internacional-de-films-de-dones-de-barcelona-17-de-novembre-a-les-2000-hrs\/\" aria-label=\"Read more about 31a Mostra Internacional de Films de dones de Barcelona &#8211; 17 de novembre a les 20:00 hrs\" tabindex=\"-1\" >\n\t\t\t Llegir m\u00e9s \u00bb\t\t<\/a>\n\n\t\t\t\t<\/div>\n\t\t\t\t<div class=\"elementor-post__meta-data\">\n\t\t\t\t\t<span class=\"elementor-post-date\">\n\t\t\t14 de novembre de 2023\t\t<\/span>\n\t\t\t\t<\/div>\n\t\t\t\t\t<\/div>\n\t\t<\/article>\n\t\t\t\t<article class=\"elementor-post elementor-grid-item post-4677 post type-post status-publish format-standard has-post-thumbnail hentry category-noticies\">\n\t\t\t<div class=\"elementor-post__card\">\n\t\t\t\t<a class=\"elementor-post__thumbnail__link\" href=\"https:\/\/ateneuadrianenc.cat\/home\/records-de-la-deliciosa-al-prego-de-les-festes-de-sant-adria\/\" tabindex=\"-1\" ><div class=\"elementor-post__thumbnail\"><img loading=\"lazy\" decoding=\"async\" width=\"2133\" height=\"2560\" src=\"https:\/\/ateneuadrianenc.cat\/home\/wp-content\/uploads\/2023\/09\/Deliciosa2-scaled.jpg\" class=\"attachment-full size-full wp-image-4691\" alt=\"\" srcset=\"https:\/\/ateneuadrianenc.cat\/home\/wp-content\/uploads\/2023\/09\/Deliciosa2-scaled.jpg 2133w, https:\/\/ateneuadrianenc.cat\/home\/wp-content\/uploads\/2023\/09\/Deliciosa2-250x300.jpg 250w, https:\/\/ateneuadrianenc.cat\/home\/wp-content\/uploads\/2023\/09\/Deliciosa2-853x1024.jpg 853w, https:\/\/ateneuadrianenc.cat\/home\/wp-content\/uploads\/2023\/09\/Deliciosa2-768x922.jpg 768w, https:\/\/ateneuadrianenc.cat\/home\/wp-content\/uploads\/2023\/09\/Deliciosa2-1280x1536.jpg 1280w, https:\/\/ateneuadrianenc.cat\/home\/wp-content\/uploads\/2023\/09\/Deliciosa2-1707x2048.jpg 1707w\" sizes=\"(max-width: 2133px) 100vw, 2133px\" \/><\/div><\/a>\n\t\t\t\t<div class=\"elementor-post__text\">\n\t\t\t\t<h3 class=\"elementor-post__title\">\n\t\t\t<a href=\"https:\/\/ateneuadrianenc.cat\/home\/records-de-la-deliciosa-al-prego-de-les-festes-de-sant-adria\/\" >\n\t\t\t\tRecords de &#8220;La deliciosa&#8221; al preg\u00f3 de les festes de Sant Adri\u00e0\t\t\t<\/a>\n\t\t<\/h3>\n\t\t\n\t\t<a class=\"elementor-post__read-more\" href=\"https:\/\/ateneuadrianenc.cat\/home\/records-de-la-deliciosa-al-prego-de-les-festes-de-sant-adria\/\" aria-label=\"Read more about Records de &#8220;La deliciosa&#8221; al preg\u00f3 de les festes de Sant Adri\u00e0\" tabindex=\"-1\" >\n\t\t\t Llegir m\u00e9s \u00bb\t\t<\/a>\n\n\t\t\t\t<\/div>\n\t\t\t\t<div class=\"elementor-post__meta-data\">\n\t\t\t\t\t<span class=\"elementor-post-date\">\n\t\t\t9 de setembre de 2023\t\t<\/span>\n\t\t\t\t<\/div>\n\t\t\t\t\t<\/div>\n\t\t<\/article>\n\t\t\t\t<\/div>\n\t\t\n\t\t\t\t<div class=\"e-load-more-anchor\" data-page=\"1\" data-max-page=\"2\" data-next-page=\"https:\/\/ateneuadrianenc.cat\/home\/wp-json\/wp\/v2\/pages\/165\/page\/2\/\"><\/div>\n\t\t\t\t<nav class=\"elementor-pagination\" aria-label=\"Paginaci\u00f3\">\n\t\t\t<span class=\"page-numbers prev\">&laquo; Anterior<\/span>\n<a class=\"page-numbers next\" href=\"https:\/\/ateneuadrianenc.cat\/home\/wp-json\/wp\/v2\/pages\/165\/page\/2\/\">Seg\u00fcent &raquo;<\/a>\t\t<\/nav>\n\t\t\t\t\t\t<\/div>\n\t\t\t\t<\/div>\n\t\t\t\t<div class=\"elementor-element elementor-element-77935c5 elementor-widget elementor-widget-spacer\" data-id=\"77935c5\" data-element_type=\"widget\" data-widget_type=\"spacer.default\">\n\t\t\t\t<div class=\"elementor-widget-container\">\n\t\t\t\t\t\t\t<div class=\"elementor-spacer\">\n\t\t\t<div class=\"elementor-spacer-inner\"><\/div>\n\t\t<\/div>\n\t\t\t\t\t\t<\/div>\n\t\t\t\t<\/div>\n\t\t\t\t\t<\/div>\n\t\t<\/div>\n\t\t\t\t\t<\/div>\n\t\t<\/section>\n\t\t\t\t<\/div>\n\t\t","protected":false},"excerpt":{"rendered":"<p>L&#8217;ATENEU INFORMA<\/p>\n","protected":false},"author":1,"featured_media":0,"parent":0,"menu_order":0,"comment_status":"closed","ping_status":"closed","template":"elementor_header_footer","meta":{"footnotes":""},"class_list":["post-165","page","type-page","status-publish","hentry"],"_links":{"self":[{"href":"https:\/\/ateneuadrianenc.cat\/home\/wp-json\/wp\/v2\/pages\/165","targetHints":{"allow":["GET"]}}],"collection":[{"href":"https:\/\/ateneuadrianenc.cat\/home\/wp-json\/wp\/v2\/pages"}],"about":[{"href":"https:\/\/ateneuadrianenc.cat\/home\/wp-json\/wp\/v2\/types\/page"}],"author":[{"embeddable":true,"href":"https:\/\/ateneuadrianenc.cat\/home\/wp-json\/wp\/v2\/users\/1"}],"replies":[{"embeddable":true,"href":"https:\/\/ateneuadrianenc.cat\/home\/wp-json\/wp\/v2\/comments?post=165"}],"version-history":[{"count":205,"href":"https:\/\/ateneuadrianenc.cat\/home\/wp-json\/wp\/v2\/pages\/165\/revisions"}],"predecessor-version":[{"id":13408,"href":"https:\/\/ateneuadrianenc.cat\/home\/wp-json\/wp\/v2\/pages\/165\/revisions\/13408"}],"wp:attachment":[{"href":"https:\/\/ateneuadrianenc.cat\/home\/wp-json\/wp\/v2\/media?parent=165"}],"curies":[{"name":"wp","href":"https:\/\/api.w.org\/{rel}","templated":true}]}}