{"id":2053,"date":"2023-04-17T21:12:56","date_gmt":"2023-04-17T21:12:56","guid":{"rendered":"https:\/\/ateneuadrianenc.cat\/home\/?page_id=2053"},"modified":"2025-02-05T00:49:05","modified_gmt":"2025-02-04T22:49:05","slug":"la-nostra-historia","status":"publish","type":"page","link":"https:\/\/ateneuadrianenc.cat\/home\/la-nostra-historia\/","title":{"rendered":"La nostra hist\u00f2ria"},"content":{"rendered":"\t\t<div data-elementor-type=\"wp-page\" data-elementor-id=\"2053\" class=\"elementor elementor-2053\" data-elementor-post-type=\"page\">\n\t\t\t\t\t\t<section class=\"elementor-section elementor-top-section elementor-element elementor-element-675ca62 elementor-section-boxed elementor-section-height-default elementor-section-height-default\" data-id=\"675ca62\" data-element_type=\"section\">\n\t\t\t\t\t\t<div class=\"elementor-container elementor-column-gap-default\">\n\t\t\t\t\t<div class=\"elementor-column elementor-col-100 elementor-top-column elementor-element elementor-element-33f1f8e\" data-id=\"33f1f8e\" data-element_type=\"column\">\n\t\t\t<div class=\"elementor-widget-wrap elementor-element-populated\">\n\t\t\t\t\t\t<div class=\"elementor-element elementor-element-de12a38 elementor-widget elementor-widget-spacer\" data-id=\"de12a38\" data-element_type=\"widget\" data-widget_type=\"spacer.default\">\n\t\t\t\t<div class=\"elementor-widget-container\">\n\t\t\t\t\t\t\t<div class=\"elementor-spacer\">\n\t\t\t<div class=\"elementor-spacer-inner\"><\/div>\n\t\t<\/div>\n\t\t\t\t\t\t<\/div>\n\t\t\t\t<\/div>\n\t\t\t\t<div class=\"elementor-element elementor-element-1a52ae6 elementor-widget elementor-widget-heading\" data-id=\"1a52ae6\" data-element_type=\"widget\" data-widget_type=\"heading.default\">\n\t\t\t\t<div class=\"elementor-widget-container\">\n\t\t\t\t\t<h4 class=\"elementor-heading-title elementor-size-default\">La nostra hist\u00f2ria<\/h4>\t\t\t\t<\/div>\n\t\t\t\t<\/div>\n\t\t\t\t<div class=\"elementor-element elementor-element-c047bdd elementor-widget-divider--view-line elementor-widget elementor-widget-divider\" data-id=\"c047bdd\" data-element_type=\"widget\" data-widget_type=\"divider.default\">\n\t\t\t\t<div class=\"elementor-widget-container\">\n\t\t\t\t\t\t\t<div class=\"elementor-divider\">\n\t\t\t<span class=\"elementor-divider-separator\">\n\t\t\t\t\t\t<\/span>\n\t\t<\/div>\n\t\t\t\t\t\t<\/div>\n\t\t\t\t<\/div>\n\t\t\t\t\t<\/div>\n\t\t<\/div>\n\t\t\t\t\t<\/div>\n\t\t<\/section>\n\t\t\t\t<section class=\"elementor-section elementor-top-section elementor-element elementor-element-b676417 elementor-section-boxed elementor-section-height-default elementor-section-height-default\" data-id=\"b676417\" data-element_type=\"section\">\n\t\t\t\t\t\t<div class=\"elementor-container elementor-column-gap-default\">\n\t\t\t\t\t<div class=\"elementor-column elementor-col-100 elementor-top-column elementor-element elementor-element-5d60649\" data-id=\"5d60649\" data-element_type=\"column\">\n\t\t\t<div class=\"elementor-widget-wrap elementor-element-populated\">\n\t\t\t\t\t\t<div class=\"elementor-element elementor-element-40c9441 elementor-widget elementor-widget-heading\" data-id=\"40c9441\" data-element_type=\"widget\" data-widget_type=\"heading.default\">\n\t\t\t\t<div class=\"elementor-widget-container\">\n\t\t\t\t\t<h2 class=\"elementor-heading-title elementor-size-default\">El naixement d'una associaci\u00f3 centen\u00e0ria<\/h2>\t\t\t\t<\/div>\n\t\t\t\t<\/div>\n\t\t\t\t\t<\/div>\n\t\t<\/div>\n\t\t\t\t\t<\/div>\n\t\t<\/section>\n\t\t\t\t<section class=\"elementor-section elementor-top-section elementor-element elementor-element-893c842 elementor-section-boxed elementor-section-height-default elementor-section-height-default\" data-id=\"893c842\" data-element_type=\"section\">\n\t\t\t\t\t\t<div class=\"elementor-container elementor-column-gap-default\">\n\t\t\t\t\t<div class=\"elementor-column elementor-col-50 elementor-top-column elementor-element elementor-element-d83d47b\" data-id=\"d83d47b\" data-element_type=\"column\">\n\t\t\t<div class=\"elementor-widget-wrap elementor-element-populated\">\n\t\t\t\t\t\t<div class=\"elementor-element elementor-element-0c8f308 elementor-widget elementor-widget-text-editor\" data-id=\"0c8f308\" data-element_type=\"widget\" data-widget_type=\"text-editor.default\">\n\t\t\t\t<div class=\"elementor-widget-container\">\n\t\t\t\t\t\t\t\t\t<h5><span style=\"letter-spacing: 1.6px; font-size: 1rem;\">L&#8217;<\/span><b style=\"letter-spacing: 1.6px; font-size: 1rem;\">Ateneu Adrianenc<\/b><span style=\"letter-spacing: 1.6px; font-size: 1rem;\"> \u00e9s l&#8217;entitat privada m\u00e9s antiga de Sant Adri\u00e0 de Bes\u00f2s, any 1925. Els seus promotors, per\u00f2, al principi es reunien a un altre lloc; feien reunions per seguir les obres d&#8217;edificaci\u00f3 i plantejar-se el que farien.<\/span><\/h5>\n<p>La seva seu social del carrer d&#8217;Andreu Vidal, 7, data de l&#8217;any 1929, i va ser fruit dels canvis que va experimentar la societat adrianenca en ple proc\u00e9s d&#8217;industrialitzaci\u00f3, ja que la instal\u00b7laci\u00f3 de diverses industries al terme municipal va portar a la vila nous habitants i va crear noves necessitats.<\/p>\n<p>En conseq\u00fc\u00e8ncia, van apar\u00e8ixer nous grups socials: els obrers, concentrats als nous barris creats al voltant de les ind\u00fastries, i una nova burgesia, formada per alguns pagesos benestants i els propietaris d&#8217;ind\u00fastries, tallers i comer\u00e7os.<\/p>\n<h5><b><i>&#8220;L&#8217;entitat va n\u00e9ixer de la preocupaci\u00f3 d&#8217;un grup de la burgesia local, d&#8217;una burgesia culta que va buscar un terreny i va edificar l&#8217;Ateneu per establir un punt de trobada cultural i social. La gent venia a ballar, es feien sarsueles, teatre, etc. Per\u00f2 amb la instauraci\u00f3 de la Segona Rep\u00fablica, es va instal\u00b7lar a l&#8217;Ateneu el Centre Republic\u00e0 Federal Adrianenc fins que es va acabar la guerra&#8221;.<\/i><\/b><\/h5>\n<h5><span style=\"color: inherit; font-family: inherit; font-size: 1rem; letter-spacing: 1.6px;\">(<\/span><i style=\"color: inherit; font-family: inherit; font-size: 1rem; letter-spacing: 1.6px;\"><b>Agust\u00ed Gallart, Mem\u00f2ries de l&#8217;\u00e0rea metropolitana de Barcelona, Sant Adri\u00e0 de Bes\u00f2s<\/b><\/i><span style=\"color: inherit; font-family: inherit; font-size: 1rem; letter-spacing: 1.6px;\">).<\/span><\/h5>\n<p><span style=\"letter-spacing: 1.6px; font-size: 1rem;\">Va ser d&#8217;aquesta petita burgesia d&#8217;on va sorgir l&#8217;Ateneu Adrianenc. Aquesta tenia un objectiu cultural i c\u00edvic, seguint un model for\u00e7a est\u00e8s a Catalunya. Durant la seva llarga traject\u00f2ria, <\/span><b style=\"letter-spacing: 1.6px; font-size: 1rem;\">enguany fa 100 anys<\/b><span style=\"letter-spacing: 1.6px; font-size: 1rem;\">, l&#8217;Ateneu ha viscut diferents \u00e8poques de la m\u00e0 del mateix decurs hist\u00f2ric i social.<\/span><\/p>\n<p>A la seva etapa de fundaci\u00f3 li va succeir l&#8217;etapa republicana, la <b>Guerra Civil<\/b>, la postguerra i un descens considerable de l&#8217;activitat en les seg\u00fcents d\u00e8cades fins que va arribar, l&#8217;any 2000, la nova junta directiva i, amb ella, una remodelaci\u00f3 de l&#8217;espai i tamb\u00e9 de l&#8217;esperit.<\/p>\t\t\t\t\t\t\t\t<\/div>\n\t\t\t\t<\/div>\n\t\t\t\t<section class=\"elementor-section elementor-inner-section elementor-element elementor-element-d19d22e elementor-section-boxed elementor-section-height-default elementor-section-height-default\" data-id=\"d19d22e\" data-element_type=\"section\">\n\t\t\t\t\t\t<div class=\"elementor-container elementor-column-gap-default\">\n\t\t\t\t\t<div class=\"elementor-column elementor-col-100 elementor-inner-column elementor-element elementor-element-146601b\" data-id=\"146601b\" data-element_type=\"column\">\n\t\t\t<div class=\"elementor-widget-wrap elementor-element-populated\">\n\t\t\t\t\t\t<div class=\"elementor-element elementor-element-c17d327 elementor-widget elementor-widget-image\" data-id=\"c17d327\" data-element_type=\"widget\" data-widget_type=\"image.default\">\n\t\t\t\t<div class=\"elementor-widget-container\">\n\t\t\t\t\t\t\t\t\t\t\t\t\t\t\t<img fetchpriority=\"high\" decoding=\"async\" width=\"800\" height=\"598\" src=\"https:\/\/ateneuadrianenc.cat\/home\/wp-content\/uploads\/2023\/04\/408_90355699.jpg\" class=\"attachment-large size-large wp-image-2056\" alt=\"\" srcset=\"https:\/\/ateneuadrianenc.cat\/home\/wp-content\/uploads\/2023\/04\/408_90355699.jpg 803w, https:\/\/ateneuadrianenc.cat\/home\/wp-content\/uploads\/2023\/04\/408_90355699-300x224.jpg 300w, https:\/\/ateneuadrianenc.cat\/home\/wp-content\/uploads\/2023\/04\/408_90355699-768x574.jpg 768w\" sizes=\"(max-width: 800px) 100vw, 800px\" \/>\t\t\t\t\t\t\t\t\t\t\t\t\t\t\t<\/div>\n\t\t\t\t<\/div>\n\t\t\t\t\t<\/div>\n\t\t<\/div>\n\t\t\t\t\t<\/div>\n\t\t<\/section>\n\t\t\t\t<section class=\"elementor-section elementor-inner-section elementor-element elementor-element-8020e9c elementor-section-boxed elementor-section-height-default elementor-section-height-default\" data-id=\"8020e9c\" data-element_type=\"section\">\n\t\t\t\t\t\t<div class=\"elementor-container elementor-column-gap-default\">\n\t\t\t\t\t<div class=\"elementor-column elementor-col-100 elementor-inner-column elementor-element elementor-element-a041887\" data-id=\"a041887\" data-element_type=\"column\">\n\t\t\t<div class=\"elementor-widget-wrap elementor-element-populated\">\n\t\t\t\t\t\t<div class=\"elementor-element elementor-element-bf16b36 elementor-widget elementor-widget-text-editor\" data-id=\"bf16b36\" data-element_type=\"widget\" data-widget_type=\"text-editor.default\">\n\t\t\t\t<div class=\"elementor-widget-container\">\n\t\t\t\t\t\t\t\t\t<p>Per l&#8217;Ateneu Adrianenc van passar diverses entitats com l&#8217;<b>Associaci\u00f3 de fot\u00f2grafs<\/b>, o d&#8217;altres, que van promoure activitats com el <b>Club de billar<\/b> (fundat el 1935), el <b>Club Deportivo<\/b> <b>Adrianense<\/b>, els escacs, la pesca, el teatre, la coral, etc&#8230;<\/p>\n<p>En tot moment les instal\u00b7lacions de l&#8217;Ateneu Adrianenc han estat a disposici\u00f3 de qualsevol entitat local que desitj\u00e9s celebrar les seves reunions o festes de car\u00e0cter social.<\/p>\n<p>Durant molts anys l&#8217;Ateneu ha col\u00b7laborat amb les festes de Sant Adri\u00e0 de Bes\u00f2s cedint desinteresadament les seves instal\u00b7lacions per concerts i balls de l&#8217;evenelat.<\/p>\t\t\t\t\t\t\t\t<\/div>\n\t\t\t\t<\/div>\n\t\t\t\t\t<\/div>\n\t\t<\/div>\n\t\t\t\t\t<\/div>\n\t\t<\/section>\n\t\t\t\t\t<\/div>\n\t\t<\/div>\n\t\t\t\t<div class=\"elementor-column elementor-col-50 elementor-top-column elementor-element elementor-element-0139139\" data-id=\"0139139\" data-element_type=\"column\">\n\t\t\t<div class=\"elementor-widget-wrap elementor-element-populated\">\n\t\t\t\t\t\t<section class=\"elementor-section elementor-inner-section elementor-element elementor-element-5312b8f elementor-section-boxed elementor-section-height-default elementor-section-height-default\" data-id=\"5312b8f\" data-element_type=\"section\">\n\t\t\t\t\t\t<div class=\"elementor-container elementor-column-gap-default\">\n\t\t\t\t\t<div class=\"elementor-column elementor-col-100 elementor-inner-column elementor-element elementor-element-d08e5ca\" data-id=\"d08e5ca\" data-element_type=\"column\">\n\t\t\t<div class=\"elementor-widget-wrap elementor-element-populated\">\n\t\t\t\t\t\t<div class=\"elementor-element elementor-element-971a1c5 elementor-widget elementor-widget-image\" data-id=\"971a1c5\" data-element_type=\"widget\" data-widget_type=\"image.default\">\n\t\t\t\t<div class=\"elementor-widget-container\">\n\t\t\t\t\t\t\t\t\t\t\t\t\t\t\t<img decoding=\"async\" width=\"709\" height=\"945\" src=\"https:\/\/ateneuadrianenc.cat\/home\/wp-content\/uploads\/2023\/04\/FacanaAA.jpg\" class=\"attachment-large size-large wp-image-2179\" alt=\"\" srcset=\"https:\/\/ateneuadrianenc.cat\/home\/wp-content\/uploads\/2023\/04\/FacanaAA.jpg 709w, https:\/\/ateneuadrianenc.cat\/home\/wp-content\/uploads\/2023\/04\/FacanaAA-225x300.jpg 225w\" sizes=\"(max-width: 709px) 100vw, 709px\" \/>\t\t\t\t\t\t\t\t\t\t\t\t\t\t\t<\/div>\n\t\t\t\t<\/div>\n\t\t\t\t<div class=\"elementor-element elementor-element-e7efae8 elementor-widget elementor-widget-text-editor\" data-id=\"e7efae8\" data-element_type=\"widget\" data-widget_type=\"text-editor.default\">\n\t\t\t\t<div class=\"elementor-widget-container\">\n\t\t\t\t\t\t\t\t\t<p><b><i>&#8220;L&#8217;edifici de l&#8217;Ateneu \u00e9s una joia hist\u00f2rica de la ciutat. D&#8217;estil noucentista est\u00e0 catalogat com a patrimoni arquitect\u00f2nic i \u00e9s considerat un espai d&#8217;inter\u00e8s cultural. En un ple municipal va entrar a formar part del cat\u00e0leg art\u00edstic de la ciutat&#8221;.<\/i><\/b><\/p><p><span style=\"letter-spacing: 1.6px; font-size: 1rem;\">L&#8217;\u00faltima reforma es va engegar l&#8217;any 2000, i actualment s&#8217;ha restaurat la fa\u00e7ana amb la participaci\u00f3 de l&#8217;<\/span><b style=\"letter-spacing: 1.6px; font-size: 1rem;\">Ajuntament de<\/b> <b style=\"letter-spacing: 1.6px; font-size: 1rem;\">Sant Adri\u00e0<\/b><span style=\"letter-spacing: 1.6px; font-size: 1rem;\">.<\/span><\/p><p>Gr\u00e0cies\u00a0 a uns estalvis que tenia la junta de l&#8217;any 2000 i a l&#8217;ajuda de l&#8217;alcalde de Sant Adri\u00e0 d&#8217;aquella \u00e8poca, <b>Sito Canga<\/b>, que va confiar molt en el projecte presentat per la junta, es va poder renovar tot l&#8217;espai.<\/p><p>Amb aquesta renovaci\u00f3, l&#8217;activitat de l&#8217;Ateneu va tornar a agafar for\u00e7a i es va comen\u00e7ar a programar teatre, festes com la de la primavera, carnestoltes, cal\u00e7otades al carrer, havaneres, etc&#8230;<\/p><p>De seguida, tot va tornar a funcionar molt b\u00e9. M\u00e9s endavant va arribar el projector i es va comen\u00e7ar a fer cinef\u00f2rum i a formar part de la <b>Federaci\u00f3 Catalana de<\/b> <b>Cineclubs<\/b>. El fet de poder projectar pel\u00b7l\u00edcules va ser molt important, ja que a Sant Adri\u00e0 no n&#8217;hi ha cap, de cinema.<\/p><h5><b><u>L&#8217;Ateneu a l&#8217;actualitat<\/u><\/b><\/h5><p>L&#8217;Ateneu Adrianenc forma part, actualment, de la xarxa de sales del <b>Cicle Gaud\u00ed<\/b> de l&#8217;<b>Acad\u00e8mia del Cinema Catal\u00e0<\/b> i del conjunt de sales de cinema on <strong>\u00d2mnium Cultural<\/strong> projecta <strong>Cinexic<\/strong>, oferint les seves programacions.<\/p><p>Amb una activitat renovada, l&#8217;Ateneu de Sant Adri\u00e0 busca la complicitat de les noves generacions que es sumin a l&#8217;Entitat. Avui en dia el conjunt de socis \u00e9s gaireb\u00e9 de 200 persones.<\/p><p>L&#8217;Ateneu \u00e9s un espai de participaci\u00f3 on la cultura, l&#8217;esperit associatiu, la pluralitat, la diversitat de gent i el debat obert tenen un lloc privilegiat i s\u00f3n una garantia per crear una ciutadania cohesionada que exerceixi els seus drets civils i democr\u00e0tics.<\/p>\t\t\t\t\t\t\t\t<\/div>\n\t\t\t\t<\/div>\n\t\t\t\t\t<\/div>\n\t\t<\/div>\n\t\t\t\t\t<\/div>\n\t\t<\/section>\n\t\t\t\t\t<\/div>\n\t\t<\/div>\n\t\t\t\t\t<\/div>\n\t\t<\/section>\n\t\t\t\t<section class=\"elementor-section elementor-top-section elementor-element elementor-element-420b4aa elementor-section-boxed elementor-section-height-default elementor-section-height-default\" data-id=\"420b4aa\" data-element_type=\"section\">\n\t\t\t\t\t\t<div class=\"elementor-container elementor-column-gap-default\">\n\t\t\t\t\t<div class=\"elementor-column elementor-col-100 elementor-top-column elementor-element elementor-element-afe41ff\" data-id=\"afe41ff\" data-element_type=\"column\">\n\t\t\t<div class=\"elementor-widget-wrap elementor-element-populated\">\n\t\t\t\t\t\t<div class=\"elementor-element elementor-element-5240fea elementor-widget-divider--view-line elementor-widget elementor-widget-divider\" data-id=\"5240fea\" data-element_type=\"widget\" data-widget_type=\"divider.default\">\n\t\t\t\t<div class=\"elementor-widget-container\">\n\t\t\t\t\t\t\t<div class=\"elementor-divider\">\n\t\t\t<span class=\"elementor-divider-separator\">\n\t\t\t\t\t\t<\/span>\n\t\t<\/div>\n\t\t\t\t\t\t<\/div>\n\t\t\t\t<\/div>\n\t\t\t\t\t<\/div>\n\t\t<\/div>\n\t\t\t\t\t<\/div>\n\t\t<\/section>\n\t\t\t\t<\/div>\n\t\t","protected":false},"excerpt":{"rendered":"<p>La nostra hist\u00f2ria El naixement d&#8217;una associaci\u00f3 centen\u00e0ria L&#8217;Ateneu Adrianenc \u00e9s l&#8217;entitat privada m\u00e9s antiga de Sant Adri\u00e0 de Bes\u00f2s, any 1925. Els seus promotors, per\u00f2, al principi es reunien a un altre lloc; feien reunions per seguir les obres d&#8217;edificaci\u00f3 i plantejar-se el que farien. La seva seu social del carrer d&#8217;Andreu Vidal, 7, [&hellip;]<\/p>\n","protected":false},"author":1,"featured_media":676,"parent":0,"menu_order":0,"comment_status":"closed","ping_status":"closed","template":"elementor_header_footer","meta":{"footnotes":""},"class_list":["post-2053","page","type-page","status-publish","has-post-thumbnail","hentry"],"_links":{"self":[{"href":"https:\/\/ateneuadrianenc.cat\/home\/wp-json\/wp\/v2\/pages\/2053","targetHints":{"allow":["GET"]}}],"collection":[{"href":"https:\/\/ateneuadrianenc.cat\/home\/wp-json\/wp\/v2\/pages"}],"about":[{"href":"https:\/\/ateneuadrianenc.cat\/home\/wp-json\/wp\/v2\/types\/page"}],"author":[{"embeddable":true,"href":"https:\/\/ateneuadrianenc.cat\/home\/wp-json\/wp\/v2\/users\/1"}],"replies":[{"embeddable":true,"href":"https:\/\/ateneuadrianenc.cat\/home\/wp-json\/wp\/v2\/comments?post=2053"}],"version-history":[{"count":274,"href":"https:\/\/ateneuadrianenc.cat\/home\/wp-json\/wp\/v2\/pages\/2053\/revisions"}],"predecessor-version":[{"id":11142,"href":"https:\/\/ateneuadrianenc.cat\/home\/wp-json\/wp\/v2\/pages\/2053\/revisions\/11142"}],"wp:featuredmedia":[{"embeddable":true,"href":"https:\/\/ateneuadrianenc.cat\/home\/wp-json\/wp\/v2\/media\/676"}],"wp:attachment":[{"href":"https:\/\/ateneuadrianenc.cat\/home\/wp-json\/wp\/v2\/media?parent=2053"}],"curies":[{"name":"wp","href":"https:\/\/api.w.org\/{rel}","templated":true}]}}