{"id":587,"date":"2023-04-01T07:36:28","date_gmt":"2023-04-01T07:36:28","guid":{"rendered":"https:\/\/ateneuadrianenc.cat\/home\/?page_id=587"},"modified":"2023-11-26T16:16:25","modified_gmt":"2023-11-26T14:16:25","slug":"estatuts","status":"publish","type":"page","link":"https:\/\/ateneuadrianenc.cat\/home\/estatuts\/","title":{"rendered":"Estatuts"},"content":{"rendered":"\t\t<div data-elementor-type=\"wp-page\" data-elementor-id=\"587\" class=\"elementor elementor-587\" data-elementor-post-type=\"page\">\n\t\t\t\t\t\t<section class=\"elementor-section elementor-top-section elementor-element elementor-element-4ce8fc8 elementor-section-boxed elementor-section-height-default elementor-section-height-default\" data-id=\"4ce8fc8\" data-element_type=\"section\">\n\t\t\t\t\t\t<div class=\"elementor-container elementor-column-gap-default\">\n\t\t\t\t\t<div class=\"elementor-column elementor-col-100 elementor-top-column elementor-element elementor-element-f9819bc\" data-id=\"f9819bc\" data-element_type=\"column\">\n\t\t\t<div class=\"elementor-widget-wrap elementor-element-populated\">\n\t\t\t\t\t\t<div class=\"elementor-element elementor-element-69164c2 elementor-widget elementor-widget-spacer\" data-id=\"69164c2\" data-element_type=\"widget\" data-widget_type=\"spacer.default\">\n\t\t\t\t<div class=\"elementor-widget-container\">\n\t\t\t\t\t\t\t<div class=\"elementor-spacer\">\n\t\t\t<div class=\"elementor-spacer-inner\"><\/div>\n\t\t<\/div>\n\t\t\t\t\t\t<\/div>\n\t\t\t\t<\/div>\n\t\t\t\t<div class=\"elementor-element elementor-element-1128d76 elementor-widget elementor-widget-heading\" data-id=\"1128d76\" data-element_type=\"widget\" data-widget_type=\"heading.default\">\n\t\t\t\t<div class=\"elementor-widget-container\">\n\t\t\t\t\t<h1 class=\"elementor-heading-title elementor-size-default\">ESTATUTS<\/h1>\t\t\t\t<\/div>\n\t\t\t\t<\/div>\n\t\t\t\t<div class=\"elementor-element elementor-element-0488cfe elementor-widget-divider--view-line elementor-widget elementor-widget-divider\" data-id=\"0488cfe\" data-element_type=\"widget\" data-widget_type=\"divider.default\">\n\t\t\t\t<div class=\"elementor-widget-container\">\n\t\t\t\t\t\t\t<div class=\"elementor-divider\">\n\t\t\t<span class=\"elementor-divider-separator\">\n\t\t\t\t\t\t<\/span>\n\t\t<\/div>\n\t\t\t\t\t\t<\/div>\n\t\t\t\t<\/div>\n\t\t\t\t\t<\/div>\n\t\t<\/div>\n\t\t\t\t\t<\/div>\n\t\t<\/section>\n\t\t\t\t<section class=\"elementor-section elementor-top-section elementor-element elementor-element-dea5938 elementor-section-boxed elementor-section-height-default elementor-section-height-default\" data-id=\"dea5938\" data-element_type=\"section\">\n\t\t\t\t\t\t<div class=\"elementor-container elementor-column-gap-default\">\n\t\t\t\t\t<div class=\"elementor-column elementor-col-100 elementor-top-column elementor-element elementor-element-931843c\" data-id=\"931843c\" data-element_type=\"column\">\n\t\t\t<div class=\"elementor-widget-wrap elementor-element-populated\">\n\t\t\t\t\t\t<div class=\"elementor-element elementor-element-4851faf elementor-widget elementor-widget-text-editor\" data-id=\"4851faf\" data-element_type=\"widget\" data-widget_type=\"text-editor.default\">\n\t\t\t\t<div class=\"elementor-widget-container\">\n\t\t\t\t\t\t\t\t\t<h1>CAP\u00cdTOL<strong style=\"color: inherit; font-family: inherit; font-size: 2rem;\"> I<\/strong><\/h1><h3><strong>La denominaci\u00f3, els fins i el domicili<\/strong><\/h3><h4><strong>Article 1<\/strong><\/h4><p>Amb la denominaci\u00f3 Associaci\u00f3 Ateneu Adrianenc es constitueix aquesta entitat, que regula les seves activitats d\u2019acord amb el que estableix la Llei 4\/2008, de 24 d\u2019abril, del llibre tercer del Codi civil de Catalunya, relatiu a les persones jur\u00eddiques; la Llei org\u00e0nica 1\/2002, de 22 de mar\u00e7, reguladora del dret d\u2019associaci\u00f3, i els seus estatuts.<\/p><h4><strong>Article 2<\/strong><\/h4><p>Els fins de l\u2019associaci\u00f3 s\u00f3n:<\/p><p><strong>Cultura<\/strong><\/p><p>Foment i difusi\u00f3 de la cultura.<\/p><p>Contribuir al desenvolupament cultural de la ciutat.<\/p><p>Facilitar i promocionar l\u2019exhibici\u00f3 cultural de Sant Adri\u00e0 posant especial atenci\u00f3 en els i les joves creadors\/es.<\/p><p>Vetllar pel coneixement, difusi\u00f3 de la cultura tradicional i popular.<\/p><p><strong>Llengua catalana<\/strong><\/p><p>Afavorir el desenvolupament de la llengua catalana en tots els \u00e0mbits.<\/p><p>Facilitar el coneixement de la llengua catalana i la seva riquesa ling\u00fc\u00edstica.<\/p><p>Promocionar l\u2019\u00fas social de la llengua catalana, especialment entre la ciutadania nouvinguda.<\/p><p><strong>Formaci\u00f3, cursos i tallers<\/strong><\/p><p>Complementar els coneixements en els \u00e0mbits intel\u00b7lectual, cultural, art\u00edstic i de les aptituds personals, en el desenvolupament del b\u00e9 col\u00b7lectiu.<\/p><p><strong>Cohesi\u00f3, acci\u00f3 social i qualitat de vida<\/strong><\/p><p>Contribuir a fomentar la relaci\u00f3 i conviv\u00e8ncia ciutadana esdevenint espai obert d\u2019activitats culturals i de lleure.<\/p><p>Fomentar l\u2019envelliment actiu entre les persones grans del nostre municipi.<\/p><p>Facilitar la plena integraci\u00f3 de les persones estrangeres tot afavorint les relacions socials, el coneixement mutu i de l\u2019entorn.<\/p><p>Garantir i normalitzar la participaci\u00f3 en activitats culturals, de lleure i\/o teixit associatiu de persones amb risc d\u2019exclusi\u00f3 social.<\/p><p><strong>Infants i joves<\/strong><\/p><p>Treballar la socialitzaci\u00f3, la participaci\u00f3 activa, el comprom\u00eds i responsabilitat amb els infants i joves, fent que tinguin un espai per a proposar i decidir el curs de l\u2019activitat.<\/p><p>Apropar els infants i joves a la diversitat cultural, treballant a trav\u00e9s de les activitats els valors necessaris per a la bona conviv\u00e8ncia amb tothom.<\/p><p>Posar a l\u2019abast dels infants i joves nous coneixements, experi\u00e8ncies de descoberta i relaci\u00f3 amb els altres.<\/p><p>Fer con\u00e8ixer la realitat de les entitats i les opcions de lleure alternatiu que s\u2019hi pot trobar.<\/p><p><strong>Associacionisme, civisme i participaci\u00f3 ciutadana<\/strong><\/p><p>Oferir a la ciutadania els espais socials de l\u2019entitat com a lloc de trobada, formaci\u00f3, creaci\u00f3 i informaci\u00f3.<\/p><p>Garantir espais i recursos a les iniciatives i activitats que, d\u2019acord amb els fins de l\u2019Ateneu, es desenvolupin des d\u2019altres associacions i\/o col\u00b7lectius.<\/p><p><strong>Sensibilitat ambiental i sostenibilitat<\/strong><\/p><p>Fomentar el coneixement i respecte pel medi ambient.<\/p><p>Promocionar el consum ecol\u00f2gic i responsable.<\/p><p>Promocionar la reducci\u00f3 dels residu. Sensibilitzar sobre la necessitat de reduir, reutilitzar, reciclar i repensar.<\/p><p>Fomentar l\u2019estalvi energ\u00e8tic i altres accions de lluita contra el canvi clim\u00e0tic.<\/p><p><strong>Per aconseguir les seves finalitats, l\u2019associaci\u00f3 realitza les activitats seg\u00fcents:<\/strong><\/p><p>Programaci\u00f3 estable de cinema, teatre i m\u00fasica. Presentaci\u00f3 d\u2019obres teatrals, cicles cinematogr\u00e0fics, vetllades musicals, tallers de literatura, cursos d\u2019hist\u00f2ria i cultura, confer\u00e8ncies i exposicions, sortides cultures i caminades populars.<\/p><p>Acollida, suport i assessorament de col\u00b7lectius i d\u2019entitats.<\/p><p><b style=\"font-family: var( --e-global-typography-text-font-family ), Sans-serif; font-size: 1rem;\"><u>En queda excl\u00f2s tot \u00e0nim de lucre.<\/u><\/b><\/p><h4><strong>Article 3<\/strong><\/h4><ol><li>El domicili de l\u2019associaci\u00f3 s\u2019estableix a Sant Adri\u00e0 de Bes\u00f2s, i radica al <strong>carrer<\/strong> <strong>d\u2019Andreu Vidal<\/strong> , <strong>n\u00fam.7.<\/strong><\/li><\/ol><ol start=\"2\"><li>Les funcions d\u2019aquesta associaci\u00f3 s\u2019exerceixen majorit\u00e0riament a <strong>Catalunya<\/strong>.<\/li><\/ol><div>\u00a0<\/div><h2><strong>CAP\u00cdTOL II<\/strong><\/h2><h3><strong>Els membres de l\u2019associaci\u00f3, els seus drets i obligacions<\/strong><\/h3><div><strong>\u00a0<\/strong><\/div><h4><strong>Article 4<a href=\"#_ftn1\"><sup>[1]<\/sup><\/a>\u00a0<\/strong><\/h4><p>Poden formar part de l\u2019associaci\u00f3 totes les persones f\u00edsiques i jur\u00eddiques que, de manera lliure i volunt\u00e0ria, tinguin inter\u00e8s en les seves finalitats.<\/p><ol><li>La sol\u00b7licitud d\u2019ingr\u00e9s ha de ser acordada per l\u2019\u00f2rgan competent.<\/li><li>Les normes per les quals es regula la persona jur\u00eddica en q\u00fcesti\u00f3 no ha d\u2019excloure la possibilitat de formar part d\u2019una associaci\u00f3.<\/li><\/ol><div>\u00a0<\/div><p>Per integrar-se a l\u2019associaci\u00f3 cal presentar una sol\u00b7licitud per escrit a la Junta Directiva, la qual prendr\u00e0 una decisi\u00f3 sobre la petici\u00f3 en la primera reuni\u00f3 que tingui lloc i la comunicar\u00e0 a l\u2019assemblea general m\u00e9s immediata.<\/p><h6><i><b>1. La condici\u00f3 de soci\/s\u00f2cia ha de ser congruent amb la denominaci\u00f3 i les finalitats de l&#8217;associaci\u00f3.<\/b><\/i><\/h6><p>\u00a0<\/p><h4><strong>Article 5<\/strong><\/h4><p>S\u00f3n drets dels membres de l\u2019associaci\u00f3:<\/p><ol><li>Assistir amb veu i vot a les reunions de l\u2019Assemblea General.<\/li><li>Elegir o ser elegits per als llocs de representaci\u00f3 o per exercir c\u00e0rrecs directius.<\/li><li>Exercir la representaci\u00f3 que se\u2019ls confereixi en cada cas.<\/li><li>Intervenir en el govern i les gestions, en els serveis i les activitats de l\u2019associaci\u00f3, d\u2019acord amb les normes legals i estatut\u00e0ries.<\/li><li>Exposar a l\u2019Assemblea i a la Junta Directiva tot el que considerin que pugui contribuir a fer m\u00e9s plena la vida de l\u2019associaci\u00f3 i m\u00e9s efica\u00e7 la realitzaci\u00f3 dels objectius socials b\u00e0sics.<\/li><li>Sol\u00b7licitar i obtenir explicacions sobre l\u2019administraci\u00f3 i la gesti\u00f3 de la Junta Directiva o dels mandataris de l\u2019associaci\u00f3.<\/li><li>Ser escoltats abans que s\u2019adoptin mesures disciplin\u00e0ries.<\/li><li>Rebre informaci\u00f3 sobre les activitats de l\u2019associaci\u00f3.<\/li><li>Fer \u00fas dels serveis comuns que l\u2019associaci\u00f3 estableixi o tingui a la seva disposici\u00f3.<\/li><li>Formar part dels grups de treball.<\/li><li>Posseir un exemplar dels estatuts.<\/li><li>Consultar els llibres de l\u2019associaci\u00f3.<\/li><\/ol><h4><strong>Article 6<\/strong><\/h4><p>S\u00f3n deures dels membres de l\u2019associaci\u00f3:<\/p><ol><li>Comprometre\u2019s amb les finalitats de l\u2019associaci\u00f3 i participar activament per assolir-les.<\/li><li>Contribuir al sosteniment de l\u2019associaci\u00f3 amb el pagament de quotes, derrames i altres aportacions econ\u00f2miques fixades pels estatuts i aprovades d\u2019acord amb aquests.<\/li><li>Complir la resta d\u2019obligacions que resultin de les disposicions estatut\u00e0ries.<\/li><li>Acatar i complir els acords v\u00e0lidament adoptats pels \u00f2rgans de govern de l\u2019associaci\u00f3.<\/li><li>Sotmetre a mediaci\u00f3 les controv\u00e8rsies que sorgeixin per ra\u00f3 del funcionament de l\u2019associaci\u00f3.<\/li><\/ol><h4><strong>Article 7<\/strong><\/h4><p>S\u00f3n causes per ser donat de baixa de l\u2019associaci\u00f3:<\/p><ol><li>Que ho decideixi la persona interessada, que ha de comunicar per escrit la seva decisi\u00f3 a la Junta Directiva.<\/li><li>No satisfer les quotes fixades.<\/li><li>No complir les obligacions estatut\u00e0ries.<\/li><\/ol><div>\u00a0<\/div><h2><strong>CAP\u00cdTOL III<\/strong><\/h2><h3><strong>L\u2019Assemblea General<\/strong><\/h3><h4><strong>Article 8<\/strong><\/h4><ol><li>L\u2019Assemblea General \u00e9s l\u2019\u00f2rgan sobir\u00e0 de l\u2019associaci\u00f3; els seus membres en formen part per dret propi i irrenunciable.<\/li><li>Els membres de l\u2019associaci\u00f3, reunits en Assemblea General legalment constitu\u00efda, decideixen per majoria els assumptes que s\u00f3n compet\u00e8ncia de l\u2019Assemblea.<\/li><li>Tots els membres queden subjectes als acords de l\u2019Assemblea General, incloent-hi els absents, els qui en discrepen i els presents que s\u2019han abstingut de votar.<\/li><\/ol><h4><strong>Article 9<\/strong><\/h4><p>L\u2019Assemblea General t\u00e9 les facultats seg\u00fcents:<\/p><p><span style=\"background-color: transparent; font-family: var( --e-global-typography-text-font-family ), Sans-serif; font-weight: var( --e-global-typography-text-font-weight );\">a) <\/span><span style=\"background-color: transparent; font-family: var( --e-global-typography-text-font-family ), Sans-serif;\"><b>Aprovar<\/b><\/span><span style=\"background-color: transparent; font-family: var( --e-global-typography-text-font-family ), Sans-serif; font-weight: var( --e-global-typography-text-font-weight );\">, si escau, la gesti\u00f3 de l\u2019\u00f2rgan de govern, el pressupost i els comptes anuals.<\/span><\/p><p><span style=\"background-color: transparent; font-family: var( --e-global-typography-text-font-family ), Sans-serif; font-weight: var( --e-global-typography-text-font-weight );\">b) <\/span><span style=\"background-color: transparent; font-family: var( --e-global-typography-text-font-family ), Sans-serif;\"><b>Elegir <\/b><\/span><span style=\"background-color: transparent; font-family: var( --e-global-typography-text-font-family ), Sans-serif; font-weight: var( --e-global-typography-text-font-weight );\">i separar els membres de l\u2019\u00f2rgan de govern i controlar-ne l\u2019activitat.<\/span><\/p><p><span style=\"background-color: transparent; font-family: var( --e-global-typography-text-font-family ), Sans-serif; font-weight: var( --e-global-typography-text-font-weight );\">c) <\/span><span style=\"background-color: transparent; font-family: var( --e-global-typography-text-font-family ), Sans-serif;\"><b>Modificar <\/b><\/span><span style=\"background-color: transparent; font-family: var( --e-global-typography-text-font-family ), Sans-serif; font-weight: var( --e-global-typography-text-font-weight );\">els estatuts.<\/span><\/p><p><span style=\"background-color: transparent; font-family: var( --e-global-typography-text-font-family ), Sans-serif; font-weight: var( --e-global-typography-text-font-weight );\">d) <\/span><span style=\"background-color: transparent; font-family: var( --e-global-typography-text-font-family ), Sans-serif;\"><b>Acordar <\/b><\/span><span style=\"background-color: transparent; font-family: var( --e-global-typography-text-font-family ), Sans-serif; font-weight: var( --e-global-typography-text-font-weight );\">la forma i l\u2019import de les contribucions al finan\u00e7ament de l\u2019associaci\u00f3 o al pagament de les seves despeses, incloent-hi les aportacions al patrimoni de l\u2019associaci\u00f3.<\/span><\/p><p><span style=\"background-color: transparent; font-family: var( --e-global-typography-text-font-family ), Sans-serif; font-weight: var( --e-global-typography-text-font-weight );\">e) <\/span><span style=\"background-color: transparent; font-family: var( --e-global-typography-text-font-family ), Sans-serif;\"><b>Acordar <\/b><\/span><span style=\"background-color: transparent; font-family: var( --e-global-typography-text-font-family ), Sans-serif; font-weight: var( --e-global-typography-text-font-weight );\">la transformaci\u00f3, la fusi\u00f3, l\u2019escissi\u00f3 o la dissoluci\u00f3 de l\u2019associaci\u00f3.<\/span><\/p><p><span style=\"background-color: transparent; font-family: var( --e-global-typography-text-font-family ), Sans-serif; font-weight: var( --e-global-typography-text-font-weight );\">f) <\/span><span style=\"background-color: transparent; font-family: var( --e-global-typography-text-font-family ), Sans-serif;\"><b>Acordar <\/b><\/span><span style=\"background-color: transparent; font-family: var( --e-global-typography-text-font-family ), Sans-serif; font-weight: var( --e-global-typography-text-font-weight );\">l\u2019ingr\u00e9s i la baixa en federacions o confederacions.<\/span><\/p><p><span style=\"background-color: transparent; font-family: var( --e-global-typography-text-font-family ), Sans-serif; font-weight: var( --e-global-typography-text-font-weight );\">g) <\/span><span style=\"background-color: transparent; font-family: var( --e-global-typography-text-font-family ), Sans-serif;\"><b>Sol\u00b7licitar <\/b><\/span><span style=\"background-color: transparent; font-family: var( --e-global-typography-text-font-family ), Sans-serif; font-weight: var( --e-global-typography-text-font-weight );\">la declaraci\u00f3 d\u2019utilitat p\u00fablica.<\/span><\/p><p><span style=\"background-color: transparent; font-family: var( --e-global-typography-text-font-family ), Sans-serif; font-weight: var( --e-global-typography-text-font-weight );\">h) <\/span><span style=\"background-color: transparent; font-family: var( --e-global-typography-text-font-family ), Sans-serif;\"><b>Aprovar <\/b><\/span><span style=\"background-color: transparent; font-family: var( --e-global-typography-text-font-family ), Sans-serif; font-weight: var( --e-global-typography-text-font-weight );\">el reglament de r\u00e8gim intern i les seves modificacions.<\/span><\/p><p><span style=\"background-color: transparent; font-family: var( --e-global-typography-text-font-family ), Sans-serif; font-weight: var( --e-global-typography-text-font-weight );\">i) <\/span><span style=\"background-color: transparent; font-family: var( --e-global-typography-text-font-family ), Sans-serif;\"><b>Con\u00e8ixer <\/b><\/span><span style=\"background-color: transparent; font-family: var( --e-global-typography-text-font-family ), Sans-serif; font-weight: var( --e-global-typography-text-font-weight );\">les sol\u00b7licituds presentades per ser soci, i tamb\u00e9 les altes i les baixes per una ra\u00f3 diferent de la separaci\u00f3 definitiva.<\/span><\/p><p><span style=\"background-color: transparent; font-family: var( --e-global-typography-text-font-family ), Sans-serif; font-weight: var( --e-global-typography-text-font-weight );\">j) <\/span><span style=\"background-color: transparent; font-family: var( --e-global-typography-text-font-family ), Sans-serif;\"><b>Ratificar<\/b><\/span><span style=\"background-color: transparent; font-family: var( --e-global-typography-text-font-family ), Sans-serif; font-weight: var( --e-global-typography-text-font-weight );\">, si escau, la baixa disciplin\u00e0ria i les altres sancions imposades per la Junta Directiva per faltes molt greus.<\/span><\/p><p><span style=\"background-color: transparent; font-family: var( --e-global-typography-text-font-family ), Sans-serif; font-weight: var( --e-global-typography-text-font-weight );\">k) <\/span><span style=\"background-color: transparent; font-family: var( --e-global-typography-text-font-family ), Sans-serif;\"><b>Resoldre <\/b><\/span><span style=\"background-color: transparent; font-family: var( --e-global-typography-text-font-family ), Sans-serif; font-weight: var( --e-global-typography-text-font-weight );\">sobre les q\u00fcestions que no estiguin expressament atribu\u00efdes a cap altre \u00f2rgan de l\u2019associaci\u00f3.<\/span><\/p><h4><strong>Article 10<\/strong><\/h4><ol><li>L\u2019Assemblea General es reuneix, com a m\u00ednim, un cop l&#8217;any en sessi\u00f3 ordin\u00e0ria, dins dels sis mesos seg\u00fcents a la data de tancament de l\u2019exercici econ\u00f2mic.<\/li><\/ol><ol start=\"2\"><li>L\u2019\u00f2rgan de govern pot convocar l\u2019assemblea general amb car\u00e0cter extraordinari sempre que ho consideri convenient, i ho ha de fer quan ho sol\u00b7liciti un 10\u00a0% dels associats; en aquest cas, l\u2019Assemblea ha de tenir lloc dins el termini de trenta dies a comptar de la sol\u00b7licitud.<\/li><\/ol><h4><strong>Article 11<\/strong><\/h4><ol><li><span style=\"background-color: transparent; font-family: var( --e-global-typography-text-font-family ), Sans-serif; font-weight: var( --e-global-typography-text-font-weight );\">L\u2019Assemblea \u00e9s convocada per l\u2019\u00f2rgan de govern mitjan\u00e7ant una convocat\u00f2ria que ha de contenir, com a m\u00ednim, l\u2019ordre del dia, el lloc, la data i l\u2019hora de la reuni\u00f3.<\/span><\/li><li><span style=\"background-color: transparent; font-family: var( --e-global-typography-text-font-family ), Sans-serif; font-weight: var( --e-global-typography-text-font-weight );\">La convocat\u00f2ria s\u2019ha de comunicar quinze dies abans de la data de la reuni\u00f3,<\/span><span style=\"background-color: transparent; font-family: var( --e-global-typography-text-font-family ), Sans-serif; font-weight: var( --e-global-typography-text-font-weight );\">\u00a0individualment i mitjan\u00e7ant un escrit adre\u00e7at al domicili que consti en la relaci\u00f3 actualitzada de soci que ha de tenir l\u2019associaci\u00f3.<\/span><\/li><li><span style=\"background-color: transparent; font-family: var( --e-global-typography-text-font-family ), Sans-serif; font-weight: var( --e-global-typography-text-font-weight );\">Les reunions de l\u2019Assemblea General, les presideix el president de l\u2019associaci\u00f3. Si no hi \u00e9s, l\u2019han de substituir, successivament, el vicepresident o el vocal de m\u00e9s edat de la Junta. Hi ha d\u2019actuar com a secretari qui ocupi el mateix c\u00e0rrec a la Junta Directiva.<\/span><\/li><li><span style=\"background-color: transparent; font-family: var( --e-global-typography-text-font-family ), Sans-serif; font-weight: var( --e-global-typography-text-font-weight );\">El secretari redacta l\u2019acta de cada reuni\u00f3, que ha de signar juntament amb el president. Hi ha de figurar un extracte de les deliberacions, el text dels acord adoptats, el resultat num\u00e8ric de les votacions i la llista de les persones assistents.<\/span><\/li><li><span style=\"background-color: transparent; font-family: var( --e-global-typography-text-font-family ), Sans-serif; font-weight: var( --e-global-typography-text-font-weight );\">Al comen\u00e7ament de cada reuni\u00f3 de l\u2019Assemblea General es llegeix l\u2019acta de la sessi\u00f3 anterior a fi que s\u2019aprovi o s\u2019esmeni. Cinc dies abans, de tota manera, l\u2019acta i qualsevol altra documentaci\u00f3 ha d\u2019estar a disposici\u00f3 dels socis al local social.<\/span><\/li><\/ol><h4><strong>Article 12<\/strong><\/h4><ol><li>L\u2019Assemblea General es constitueix v\u00e0lidament sigui quin sigui el nombre de socis presents o representades.<\/li><\/ol><ol start=\"2\"><li>El <strong>10 % dels socis<\/strong> poden sol\u00b7licitar a l\u2019\u00f2rgan de govern la inclusi\u00f3 en l\u2019ordre del dia d\u2019un o m\u00e9s assumptes per tractar. En el cas que ja s\u2019hagi convocat l\u2019Assemblea, poden fer-ho dins el primer ter\u00e7 del per\u00edode compr\u00e8s entre la recepci\u00f3 de la convocat\u00f2ria i la data en qu\u00e8 aquest \u00f2rgan s\u2019ha de reunir. L\u2019Assemblea \u00fanicament pot adoptar acords respecte als punts inclosos en l\u2019ordre del dia, llevat que s\u2019hagi constitu\u00eft amb car\u00e0cter universal o que els acords es refereixin a la convocat\u00f2ria d\u2019una nova Assemblea General.<\/li><\/ol><h4><strong>Article 13<\/strong><\/h4><ol><li><span style=\"background-color: transparent; font-family: var( --e-global-typography-text-font-family ), Sans-serif; font-weight: var( --e-global-typography-text-font-weight );\">En les reunions de l\u2019Assemblea General, correspon un vot a cada membre de l\u2019associaci\u00f3.<\/span><\/li><li><span style=\"background-color: transparent; font-family: var( --e-global-typography-text-font-family ), Sans-serif; font-weight: var( --e-global-typography-text-font-weight );\">Els acords es prenen per majoria simple de vots dels socis presents o representants.<\/span><\/li><li><span style=\"background-color: transparent; font-family: var( --e-global-typography-text-font-family ), Sans-serif; font-weight: var( --e-global-typography-text-font-weight );\">Es poden adoptar acords sobre la modificaci\u00f3 dels estatuts, la dissoluci\u00f3 de l&#8217;Associaci\u00f3, la constituci\u00f3 d&#8217;una Federaci\u00f3 amb associacions similars o la integraci\u00f3 en una de ja existent, i la disposici\u00f3 o alienaci\u00f3 de bens, es requereix una majoria qualificada dels socis presents o representants (els vots afirmatius superen la meitat dels emesos). En qualsevol cas, l&#8217;elecci\u00f3 de la Junta Directiva, si es presenten diverses candidatures, es fa per acord de la majoria o relativa els socis presents o representants (m\u00e9s vots a favor que en contra).<\/span><\/li><li><span style=\"background-color: transparent; font-family: var( --e-global-typography-text-font-family ), Sans-serif; font-weight: var( --e-global-typography-text-font-weight );\">Les candidatures que es presenten formalment tenen dret a una c\u00f2pia de la llista dels socis i dels seus domicilis i adreces de correu electr\u00f2nic, sempre que se n\u2019hagi obtingut l\u2019autoritzaci\u00f3 expressa.<\/span><\/li><\/ol><div>\u00a0<\/div><h2><strong>CAP\u00cdTOL IV<\/strong><\/h2><h3><strong>La Junta Directiva<\/strong><\/h3><h4><strong>Article 14<\/strong><\/h4><ol><li>La Junta Directiva regeix, administra i representa l\u2019associaci\u00f3. Componen aquest \u00f2rgan el president, el vicepresident, el secretari, el tresorer i els vocals,<a href=\"#_ftn6\">[2]<\/a> c\u00e0rrecs que han de ser exercits per persones diferents.<\/li><li>L\u2019elecci\u00f3 dels membres de la Junta Directiva, que han de ser socis i majors d\u2019edat, es fa per votaci\u00f3 de l\u2019Assemblea General. Les persones elegides entren en funcions despr\u00e9s d\u2019haver acceptat el c\u00e0rrec.<\/li><li>El nomenament i el cessament dels c\u00e0rrecs s\u2019han de comunicar al Registre d\u2019associacions mitjan\u00e7ant un certificat, em\u00e8s pel secretari sortint amb el vistiplau del president sortint, que ha d\u2019incloure tamb\u00e9 l\u2019acceptaci\u00f3 del nou president i del nou secretari.<\/li><li>Els membres de la Junta Directiva exerceixen el c\u00e0rrec gratu\u00eftament.<\/li><\/ol><div>\u00a0<\/div><h6><i><b>2. La composici\u00f3 de la Junta Directiva pot ser diferent, per\u00f2 ha de constar necess\u00e0riament un m\u00ednim de tres membres, entre els quals ha d&#8217;haver un President i un\/una Secretari\/Secret\u00e0ria.<\/b><\/i><\/h6><h4><strong>Article 15<\/strong><\/h4><ol><li><span style=\"background-color: transparent; font-family: var( --e-global-typography-text-font-family ), Sans-serif; font-weight: var( --e-global-typography-text-font-weight );\">Els membres de la Junta Directiva exerceixen el c\u00e0rrec durant un per\u00edode m\u00e0xim de cinc anys<\/span><a style=\"font-family: var( --e-global-typography-text-font-family ), Sans-serif; font-weight: var( --e-global-typography-text-font-weight );\" href=\"#_ftn7\">[3]<\/a><span style=\"background-color: transparent; font-family: var( --e-global-typography-text-font-family ), Sans-serif; font-weight: var( --e-global-typography-text-font-weight );\">, sense perjudici que puguin ser reelegits.<\/span><\/li><li><span style=\"background-color: transparent; font-family: var( --e-global-typography-text-font-family ), Sans-serif; font-weight: var( --e-global-typography-text-font-weight );\">El cessament dels c\u00e0rrecs abans d\u2019extingir-se el termini reglamentari del seu mandat pot esdevenir-se per:<\/span><\/li><\/ol><div>\u00a0<\/div><p><span style=\"background-color: transparent; font-family: var( --e-global-typography-text-font-family ), Sans-serif; font-weight: var( --e-global-typography-text-font-weight );\">\u00a0 \u00a0 \u00a0 \u00a0 \u00a0 a) Mort o declaraci\u00f3 d\u2019abs\u00e8ncia, en el cas de les persones f\u00edsiques, o extinci\u00f3, en el cas de les jur\u00eddiques.<\/span><br \/><span style=\"background-color: transparent; font-family: var( --e-global-typography-text-font-family ), Sans-serif; font-weight: var( --e-global-typography-text-font-weight );\">\u00a0 \u00a0 \u00a0 \u00a0 \u00a0 b) Incapacitat o inhabilitaci\u00f3.<\/span><br \/><span style=\"background-color: transparent; font-family: var( --e-global-typography-text-font-family ), Sans-serif; font-weight: var( --e-global-typography-text-font-weight );\">\u00a0 \u00a0 \u00a0 \u00a0 \u00a0 c) Ren\u00fancia notificada a l\u2019\u00f2rgan de govern.<\/span><br \/><span style=\"background-color: transparent; font-family: var( --e-global-typography-text-font-family ), Sans-serif; font-weight: var( --e-global-typography-text-font-weight );\">\u00a0 \u00a0 \u00a0 \u00a0 \u00a0 d) Separaci\u00f3 acordada per l\u2019Assemblea General.<\/span><br \/><span style=\"background-color: transparent; font-family: var( --e-global-typography-text-font-family ), Sans-serif; font-weight: var( --e-global-typography-text-font-weight );\">\u00a0 \u00a0 \u00a0 \u00a0 \u00a0 e) Qualsevol altra causa que estableixin la llei o els estatuts.<\/span><\/p><p>\u00a0<\/p><h6><span style=\"background-color: transparent; font-family: var( --e-global-typography-text-font-family ), Sans-serif;\"><i><b>3. Les vacants que es produeixin en la Junta Directiva s\u2019han de cobrir en la primera reuni\u00f3 de l\u2019Assemblea General que tingui lloc. Mentrestant, un membre de l\u2019associaci\u00f3 pot ocupar provisionalment el c\u00e0rrec vacant.<\/b><\/i><\/span><\/h6><p>\u00a0<\/p><h4><strong>Article 16<\/strong><\/h4><ol><li><b>La Junta Directiva t\u00e9 les facultats seg\u00fcents:<\/b><\/li><\/ol><p><span style=\"background-color: transparent; font-family: var( --e-global-typography-text-font-family ), Sans-serif; font-weight: var( --e-global-typography-text-font-weight );\">a) Representar, dirigir i administrar l\u2019associaci\u00f3 de la manera m\u00e9s \u00e0mplia que reconegui la llei; aix\u00ed mateix, complir les decisions preses per l\u2019Assemblea General, d\u2019acord amb les normes, instruccions i directrius que aquesta Assemblea estableixi.<\/span><br \/><span style=\"background-color: transparent; font-family: var( --e-global-typography-text-font-family ), Sans-serif; font-weight: var( --e-global-typography-text-font-weight );\">b) Prendre els acords que calgui en relaci\u00f3 amb la compareixen\u00e7a davant dels organismes p\u00fablics i per exercir tota mena d\u2019accions legals i interposar els recursos pertinents.<\/span><br \/><span style=\"background-color: transparent; font-family: var( --e-global-typography-text-font-family ), Sans-serif; font-weight: var( --e-global-typography-text-font-weight );\">c) Proposar a l\u2019Assemblea General la defensa dels interessos de l\u2019associaci\u00f3.<\/span><br \/><span style=\"background-color: transparent; font-family: var( --e-global-typography-text-font-family ), Sans-serif; font-weight: var( --e-global-typography-text-font-weight );\">d) Proposar a l\u2019Assemblea General la defensa de l\u2019establiment de les quotes que els membres de l\u2019associaci\u00f3 han de satisfer.<\/span><br \/><span style=\"background-color: transparent; font-family: var( --e-global-typography-text-font-family ), Sans-serif; font-weight: var( --e-global-typography-text-font-weight );\">e) Convocar les assemblees generals i controlar que es compleixin els acords que s\u2019hi adoptin.<\/span><br \/><span style=\"background-color: transparent; font-family: var( --e-global-typography-text-font-family ), Sans-serif; font-weight: var( --e-global-typography-text-font-weight );\">f) Presentar el balan\u00e7 i l\u2019estat de comptes de cada exercici a l\u2019Assemblea General perqu\u00e8 els aprovi, i confeccionar els pressupostos de l\u2019exercici seg\u00fcent.<\/span><br \/><span style=\"background-color: transparent; font-family: var( --e-global-typography-text-font-family ), Sans-serif; font-weight: var( --e-global-typography-text-font-weight );\">g) Contractar els empleats que l\u2019associaci\u00f3 pugui tenir.<\/span><br \/><span style=\"background-color: transparent; font-family: var( --e-global-typography-text-font-family ), Sans-serif; font-weight: var( --e-global-typography-text-font-weight );\">h) Inspeccionar la comptabilitat i preocupar-se perqu\u00e8 els serveis funcionin amb normalitat.<\/span><br \/><span style=\"background-color: transparent; font-family: var( --e-global-typography-text-font-family ), Sans-serif; font-weight: var( --e-global-typography-text-font-weight );\">i) Establir grups de treball per aconseguir de la manera m\u00e9s eficient i efica\u00e7 els fins de l\u2019associaci\u00f3, i autoritzar els actes que aquests grups projectin dur a terme.<\/span><br \/><span style=\"background-color: transparent; font-family: var( --e-global-typography-text-font-family ), Sans-serif; font-weight: var( --e-global-typography-text-font-weight );\">j) Nomenar els vocals de la Junta Directiva que s\u2019hagin d\u2019encarregar de cada grup de treball, a proposta dels mateixos grups.<\/span><br \/><span style=\"background-color: transparent; font-family: var( --e-global-typography-text-font-family ), Sans-serif; font-weight: var( --e-global-typography-text-font-weight );\">k) Dur a terme les gestions necess\u00e0ries davant d\u2019organismes p\u00fablics, entitats i altres persones, per aconseguir:<\/span><br \/><span style=\"background-color: transparent; font-family: var( --e-global-typography-text-font-family ), Sans-serif; font-weight: var( --e-global-typography-text-font-weight );\">\u2013 subvencions o altres ajuts<\/span><br \/><span style=\"background-color: transparent; font-family: var( --e-global-typography-text-font-family ), Sans-serif; font-weight: var( --e-global-typography-text-font-weight );\">\u2013 l\u2019\u00fas de locals o edificis que puguin arribar a ser un lloc de conviv\u00e8ncia i comunicaci\u00f3 i tamb\u00e9 un centre de recuperaci\u00f3 ciutadana<\/span><br \/><span style=\"background-color: transparent; font-family: var( --e-global-typography-text-font-family ), Sans-serif; font-weight: var( --e-global-typography-text-font-weight );\">l) Obrir comptes corrents i llibretes d\u2019estalvis a qualsevol establiment de cr\u00e8dit o d\u2019estalvi i disposar dels fons que hi hagi en aquest dip\u00f2sit. La disposici\u00f3 dels fons es determina a l\u2019<\/span><span style=\"background-color: transparent; font-family: var( --e-global-typography-text-font-family ), Sans-serif;\"><b>article 28<\/b><\/span><span style=\"background-color: transparent; font-family: var( --e-global-typography-text-font-family ), Sans-serif; font-weight: var( --e-global-typography-text-font-weight );\">.<\/span><br \/><span style=\"background-color: transparent; font-family: var( --e-global-typography-text-font-family ), Sans-serif; font-weight: var( --e-global-typography-text-font-weight );\">m) Resoldre provisionalment qualsevol cas que no hagin previst els estatuts i donar-ne compte en la primera reuni\u00f3 de l\u2019Assemblea General.<\/span><br \/><span style=\"background-color: transparent; font-family: var( --e-global-typography-text-font-family ), Sans-serif; font-weight: var( --e-global-typography-text-font-weight );\">n) Qualsevol altra facultat que no estigui atribu\u00efda d\u2019una manera espec\u00edfica a algun altre \u00f2rgan de govern de l\u2019associaci\u00f3 o que li hagi estat delegada expressament.<\/span><\/p><div><h4><strong>Article 17<\/strong><\/h4><ol><li>La Junta Directiva, convocada pr\u00e8viament pel president o per la persona que el substitueixi, s\u2019ha de reunir en sessi\u00f3 ordin\u00e0ria amb la periodicitat que els seus membres decideixin, que en cap cas no pot ser inferior a una vegada cada trimestre.<a href=\"#_ftn8\">[4]<\/a><\/li><\/ol><ol start=\"2\"><li>S\u2019ha de reunir en sessi\u00f3 extraordin\u00e0ria quan el president la convoqui amb aquest car\u00e0cter o b\u00e9 si ho sol\u00b7licita un ter\u00e7 dels membres que la componen.<a href=\"#_ftn9\">[5]<\/a><\/li><\/ol><div>\u00a0<\/div><h5><sup>\u00a0\u00a0<\/sup><b style=\"font-size: 12px; vertical-align: super; color: inherit; font-family: inherit;\">4. Es pot fixar un altre periodicitat<br \/><\/b><b style=\"font-size: 12px; vertical-align: super; color: inherit; font-family: inherit;\">\u00a0 5. Es por fixar un altre percentatge.<\/b>\u00a0<\/h5><h4><strong>Article 18<\/strong><\/h4><ol><li><span style=\"background-color: transparent; font-family: var( --e-global-typography-text-font-family ), Sans-serif; font-weight: var( --e-global-typography-text-font-weight );\">La Junta Directiva queda constitu\u00efda v\u00e0lidament si ha estat convocada amb antelaci\u00f3 i hi ha un qu\u00f2rum de la meitat m\u00e9s un dels seus membres.<\/span><\/li><li><span style=\"background-color: transparent; font-family: var( --e-global-typography-text-font-family ), Sans-serif; font-weight: var( --e-global-typography-text-font-weight );\">Els membres de la Junta Directiva estan obligats a assistir a totes les reunions que es convoquin, encara que, per causes justificades, poden excusar-se\u2019n. L\u2019assist\u00e8ncia del president o del secretari o de les persones que els substitueixin hi \u00e9s necess\u00e0ria sempre.<\/span><\/li><li><span style=\"background-color: transparent; font-family: var( --e-global-typography-text-font-family ), Sans-serif; font-weight: var( --e-global-typography-text-font-weight );\">La Junta Directiva pren els acords per majoria simple de vots dels assistents.<\/span><\/li><\/ol><div>\u00a0<\/div><div><strong style=\"color: inherit; font-family: inherit; background-color: transparent; font-size: 1.5rem;\">Article 19<\/strong><\/div><ol><li>La Junta Directiva pot delegar alguna de les seves facultats en una o diverses comissions o grups de treball si compta, per fer-ho, amb el vot favorable dels dos ter\u00e7os del seus membres.<\/li><\/ol><ol start=\"2\"><li>Tamb\u00e9 pot nomenar, amb el mateix qu\u00f2rum, un o uns quants mandataris per exercir la funci\u00f3 que els confi\u00ef amb les facultats que cregui oport\u00fa conferir-los en cada cas.<\/li><\/ol><ol start=\"3\"><li>No s\u00f3n delegables la formulaci\u00f3 dels comptes ni els actes que hagin de ser autoritzats o aprovats per l\u2019Assemblea General.<\/li><\/ol><div>\u00a0<\/div><h4><strong>Article 20<\/strong><\/h4><p>Els acords de la Junta Directiva s\u2019han de fer constar en el llibre d\u2019actes i els han de signar el secretari i el president.<\/p><p>En iniciar-se cada reuni\u00f3 de la Junta Directiva, s\u2019ha de llegir l\u2019acta de la sessi\u00f3 anterior perqu\u00e8 s\u2019aprovi o es rectifiqui, si \u00e9s procedent.<\/p><h2><strong>CAP\u00cdTOL V<\/strong><\/h2><h3><strong>La presid\u00e8ncia i la vicepresid\u00e8ncia<\/strong><\/h3><h4><strong>Article 21<\/strong><\/h4><ol><li><span style=\"background-color: transparent; font-family: var( --e-global-typography-text-font-family ), Sans-serif; font-weight: var( --e-global-typography-text-font-weight );\">S\u00f3n pr\u00f2pies del president les funcions seg\u00fcents:<\/span><\/li><\/ol><div>\u00a0<\/div><p><span style=\"background-color: transparent; font-family: var( --e-global-typography-text-font-family ), Sans-serif; font-weight: var( --e-global-typography-text-font-weight );\">\u00a0 \u00a0 \u00a0a) Dirigir i representar legalment l\u2019associaci\u00f3, per delegaci\u00f3 de l\u2019Assemblea General i de la Junta Directiva.<\/span><br \/><span style=\"background-color: transparent; font-family: var( --e-global-typography-text-font-family ), Sans-serif; font-weight: var( --e-global-typography-text-font-weight );\">\u00a0 \u00a0 \u00a0b) Presidir i dirigir els debats, tant de l\u2019Assemblea General com de la Junta Directiva.<\/span><br \/><span style=\"background-color: transparent; font-family: var( --e-global-typography-text-font-family ), Sans-serif; font-weight: var( --e-global-typography-text-font-weight );\">\u00a0 \u00a0 \u00a0c) Emetre un vot de qualitat decisori en els casos d\u2019empat.<\/span><br \/><span style=\"background-color: transparent; font-family: var( --e-global-typography-text-font-family ), Sans-serif; font-weight: var( --e-global-typography-text-font-weight );\">\u00a0 \u00a0 \u00a0d) Establir la convocat\u00f2ria de les reunions de l\u2019Assemblea General i de la Junta Directiva.<\/span><br \/><span style=\"background-color: transparent; font-family: var( --e-global-typography-text-font-family ), Sans-serif; font-weight: var( --e-global-typography-text-font-weight );\">\u00a0 \u00a0 \u00a0e) Visar les actes i els certificats confeccionats pel secretari de l\u2019associaci\u00f3.<\/span><br \/><span style=\"background-color: transparent; font-family: var( --e-global-typography-text-font-family ), Sans-serif; font-weight: var( --e-global-typography-text-font-weight );\">\u00a0 \u00a0 \u00a0f) Les atribucions restants pr\u00f2pies del c\u00e0rrec i les delegades per l\u2019Assemblea General o la Junta Directiva.<\/span><\/p><p><span style=\"background-color: transparent; font-family: var( --e-global-typography-text-font-family ), Sans-serif; font-weight: var( --e-global-typography-text-font-weight );\">\u00a0 \u00a0 \u00a02. El president \u00e9s substitu\u00eft, en cas d\u2019abs\u00e8ncia o malaltia, pel vicepresident \u2014si n\u2019hi ha\u2014 o el vocal de m\u00e9s edat de la Junta, per aquest ordre.<\/span><\/p><h2><strong>CAP\u00cdTOL VI<\/strong><\/h2><h3><strong>La tresoreria i la secretaria<\/strong><\/h3><h4><strong>Article 22<\/strong><\/h4><p>El tresorer t\u00e9 com a funci\u00f3 la cust\u00f2dia i el control dels recursos de l\u2019associaci\u00f3, com tamb\u00e9 l\u2019elaboraci\u00f3 del pressupost, el balan\u00e7 i la liquidaci\u00f3 de comptes. Porta un llibre de caixa. Signa els rebuts de quotes i altres documents de tresoreria. Paga les factures aprovades per la Junta Directiva, les quals han de ser visades pr\u00e8viament pel president, i ingressa el que sobra en dip\u00f2sits oberts en establiments de cr\u00e8dit o d\u2019estalvi.<\/p><h4><strong>Article 23<\/strong><\/h4><p>El secretari ha de custodiar la documentaci\u00f3 de l\u2019associaci\u00f3, aixecar, redactar i signar les actes de les reunions de l\u2019Assemblea General i la Junta Directiva, redactar i autoritzar els certificats que calgui lliurar, i tamb\u00e9 portar el llibre de registre de socis.<\/p><h2><strong>CAP\u00cdTOL VII<\/strong><\/h2><h3><strong>Les comissions o grups de treball<\/strong><\/h3><h4><strong>Article 24<\/strong><\/h4><p>La creaci\u00f3 i constituci\u00f3 de qualsevol <strong>comissi\u00f3<\/strong> o grup de treball, les han de plantejar els membres de l\u2019associaci\u00f3 que vulguin formar-los, que n\u2019han d\u2019assabentar la Junta Directiva i explicar les activitats que es proposen dur a terme.<\/p><p>La Junta Directiva s\u2019ha d\u2019ocupar d\u2019analitzar les diferents comissions o grups de treball, els encarregats dels quals li han de presentar un cop al mes un informe detallat de les seves actuacions.<\/p><h2><strong>CAP\u00cdTOL VIII<\/strong><\/h2><h3><strong>El r\u00e8gim econ\u00f2mic<\/strong><\/h3><h4><strong>Article 25<\/strong><\/h4><p>Els recursos econ\u00f2mics de l\u2019associaci\u00f3 es nodreixen de:<\/p><ol><li>a) Les <b>quotes <\/b>que fixa l\u2019Assemblea General per als seus membres.<\/li><li>b) Les <b>subvencions <\/b>oficials o particulars.<\/li><li>c) Les <b>donacions<\/b>, les <b>her\u00e8ncies <\/b>o els <b>llegats<\/b>.<\/li><li>d) Les <b>rendes del patrimoni<\/b> mateix o b\u00e9 d\u2019<b>altres ingressos<\/b> que puguin obtenir-se.<\/li><\/ol><div>\u00a0<\/div><h4><strong>Article 26<\/strong><\/h4><p>Tots els membres de l\u2019associaci\u00f3 tenen l\u2019obligaci\u00f3 de sostenir-la econ\u00f2micament, mitjan\u00e7ant quotes o derrames, de la manera i en la proporci\u00f3 que determini l\u2019Assemblea General a proposta de la Junta Directiva.<\/p><p>L\u2019Assemblea General pot establir quotes d\u2019ingr\u00e9s, quotes peri\u00f2diques mensuals \u2014que s\u2019han d\u2019abonar per mesos, trimestres o semestres, segons el que disposi la Junta Directiva\u2014 i quotes extraordin\u00e0ries.<\/p><h4><strong>Article 27<\/strong><\/h4><p>L\u2019exercici econ\u00f2mic coincideix amb l\u2019any natural i queda tancat el 31 de desembre.<a href=\"#_ftn12\">[6]<\/a><\/p><h6><i><b>6. La data de tancament de l&#8217;exercici pot ser diferent.<\/b><\/i><\/h6><h4><strong>Article 28<\/strong><\/h4><p>En els comptes corrents o llibretes d\u2019estalvis obertes en establiments de cr\u00e8dit o d\u2019estalvi, hi han de figurar les signatures del president, el tresorer i el secretari.<\/p><p>Per poder disposar dels fons n\u2019hi ha prou amb dues signatures, una de les quals ha de ser la del tresorer o b\u00e9 la del president.<\/p><h2><strong>CAP\u00cdTOL IX<\/strong><\/h2><h3><strong>El r\u00e8gim disciplinari<\/strong><\/h3><h4><strong>Article 29<\/strong><\/h4><p>L\u2019\u00f2rgan de govern pot sancionar les infraccions comeses pels socis.<\/p><p>Aquestes infraccions es poden qualificar de lleus, greus i molt greus, i les sancions corresponents poden anar des d\u2019una amonestaci\u00f3 fins a l\u2019expulsi\u00f3 de l\u2019associaci\u00f3, segons el que estableixi el reglament intern.<\/p><p>El procediment sancionador s\u2019inicia d\u2019ofici o b\u00e9 com a conseq\u00fc\u00e8ncia d\u2019una den\u00fancia o comunicaci\u00f3. En el termini de 10 dies, la Junta Directiva nomena un instructor, que tramita l\u2019expedient sancionador i proposa la resoluci\u00f3 en el termini de 15 dies, amb audi\u00e8ncia pr\u00e8via del presumpte infractor. La resoluci\u00f3 final, que ha de ser motivada i aprovada per dues terceres parts dels membres de la Junta Directiva, l\u2019adopta aquest \u00f2rgan de govern tamb\u00e9 dins d\u2019un per\u00edode de 15 dies.<\/p><p>En els casos de sancions per faltes molt greus acordades per la Junta Directiva, les persones interessades poden sol\u00b7licitar la ratificaci\u00f3 de la sanci\u00f3 davant la primera Assemblea General que tingui lloc.<\/p><h2><strong>CAP\u00cdTOL X<\/strong><\/h2><h3><strong>La dissoluci\u00f3<\/strong><\/h3><h4><strong>Article 30<\/strong><\/h4><p>L\u2019associaci\u00f3 es pot dissoldre si ho acorda l\u2019Assemblea General, convocada amb car\u00e0cter extraordinari expressament per a aquest fi.<\/p><h4><strong>Article 31<\/strong><\/h4><ol><li>Un cop acordada la dissoluci\u00f3, l\u2019Assemblea General ha de prendre les mesures oportunes tant pel que fa a la destinaci\u00f3 dels b\u00e9ns i drets de l\u2019associaci\u00f3, com a la finalitat, l\u2019extinci\u00f3 i la liquidaci\u00f3 de qualsevol operaci\u00f3 pendent.<\/li><li>L\u2019Assemblea est\u00e0 facultada per elegir una comissi\u00f3 liquidadora sempre que ho cregui necessari.<\/li><li>Els membres de l\u2019associaci\u00f3 estan exempts de responsabilitat personal. La seva responsabilitat queda limitada a complir les obligacions que ells mateixos hagin contret volunt\u00e0riament.<\/li><li>El romanent net que resulti de la liquidaci\u00f3 s\u2019ha de lliurar directament a la instituci\u00f3 p\u00fablica Ajuntament de Sant Adri\u00e0 de Bes\u00f2s. Aix\u00ed mateix, en el cas de dissoluci\u00f3 se cedir\u00e0 tamb\u00e9 la propietat de l&#8217;edifici actual, seu de l&#8217;entitat, al carrer Andreu Vidal, 5-7 de Sant Adri\u00e0 de Bes\u00f2s.<\/li><li>Les funcions de liquidaci\u00f3 i d\u2019execuci\u00f3 dels acords a qu\u00e8 fan refer\u00e8ncia els apartats anteriors d\u2019aquest mateix article s\u00f3n compet\u00e8ncia de la Junta Directiva si l\u2019Assemblea General no confereix aquesta missi\u00f3 a una comissi\u00f3 liquidadora especialment designada a aquest efecte.<\/li><\/ol><div>\u00a0<\/div><div>\u00a0Dilig\u00e8ncies per fer constar que aquests estatuts s&#8217;han aprovat en l&#8217;Assemblea General de dimecres 29 de juny de 2022.<\/div><p>\u00a0<\/p><\/div>\t\t\t\t\t\t\t\t<\/div>\n\t\t\t\t<\/div>\n\t\t\t\t\t<\/div>\n\t\t<\/div>\n\t\t\t\t\t<\/div>\n\t\t<\/section>\n\t\t\t\t<section class=\"elementor-section elementor-top-section elementor-element elementor-element-15cc868 elementor-section-boxed elementor-section-height-default elementor-section-height-default\" data-id=\"15cc868\" data-element_type=\"section\">\n\t\t\t\t\t\t<div class=\"elementor-container elementor-column-gap-default\">\n\t\t\t\t\t<div class=\"elementor-column elementor-col-100 elementor-top-column elementor-element elementor-element-a0f6065\" data-id=\"a0f6065\" data-element_type=\"column\">\n\t\t\t<div class=\"elementor-widget-wrap elementor-element-populated\">\n\t\t\t\t\t\t<div class=\"elementor-element elementor-element-a783edb elementor-widget-divider--view-line elementor-widget elementor-widget-divider\" data-id=\"a783edb\" data-element_type=\"widget\" data-widget_type=\"divider.default\">\n\t\t\t\t<div class=\"elementor-widget-container\">\n\t\t\t\t\t\t\t<div class=\"elementor-divider\">\n\t\t\t<span class=\"elementor-divider-separator\">\n\t\t\t\t\t\t<\/span>\n\t\t<\/div>\n\t\t\t\t\t\t<\/div>\n\t\t\t\t<\/div>\n\t\t\t\t\t<\/div>\n\t\t<\/div>\n\t\t\t\t\t<\/div>\n\t\t<\/section>\n\t\t\t\t<section class=\"elementor-section elementor-top-section elementor-element elementor-element-b3ab833 elementor-section-boxed elementor-section-height-default elementor-section-height-default\" data-id=\"b3ab833\" data-element_type=\"section\">\n\t\t\t\t\t\t<div class=\"elementor-container elementor-column-gap-default\">\n\t\t\t\t\t<div class=\"elementor-column elementor-col-100 elementor-top-column elementor-element elementor-element-b25008b\" data-id=\"b25008b\" data-element_type=\"column\">\n\t\t\t<div class=\"elementor-widget-wrap elementor-element-populated\">\n\t\t\t\t\t\t<div class=\"elementor-element elementor-element-46630da elementor-align-center elementor-widget elementor-widget-button\" data-id=\"46630da\" data-element_type=\"widget\" data-widget_type=\"button.default\">\n\t\t\t\t<div class=\"elementor-widget-container\">\n\t\t\t\t\t\t\t\t\t<div class=\"elementor-button-wrapper\">\n\t\t\t\t\t<a class=\"elementor-button elementor-button-link elementor-size-sm\" href=\"https:\/\/ateneuadrianenc.cat\/home\/wp-content\/uploads\/2023\/11\/Resolucio-i-Estatuts-260523.pdf\">\n\t\t\t\t\t\t<span class=\"elementor-button-content-wrapper\">\n\t\t\t\t\t\t\t\t\t<span class=\"elementor-button-text\">Estatuts diligenciats<\/span>\n\t\t\t\t\t<\/span>\n\t\t\t\t\t<\/a>\n\t\t\t\t<\/div>\n\t\t\t\t\t\t\t\t<\/div>\n\t\t\t\t<\/div>\n\t\t\t\t<div class=\"elementor-element elementor-element-9985545 elementor-widget-divider--view-line elementor-widget elementor-widget-divider\" data-id=\"9985545\" data-element_type=\"widget\" data-widget_type=\"divider.default\">\n\t\t\t\t<div class=\"elementor-widget-container\">\n\t\t\t\t\t\t\t<div class=\"elementor-divider\">\n\t\t\t<span class=\"elementor-divider-separator\">\n\t\t\t\t\t\t<\/span>\n\t\t<\/div>\n\t\t\t\t\t\t<\/div>\n\t\t\t\t<\/div>\n\t\t\t\t\t<\/div>\n\t\t<\/div>\n\t\t\t\t\t<\/div>\n\t\t<\/section>\n\t\t\t\t<\/div>\n\t\t","protected":false},"excerpt":{"rendered":"<p>ESTATUTS CAP\u00cdTOL I La denominaci\u00f3, els fins i el domicili Article 1 Amb la denominaci\u00f3 Associaci\u00f3 Ateneu Adrianenc es constitueix aquesta entitat, que regula les seves activitats d\u2019acord amb el que estableix la Llei 4\/2008, de 24 d\u2019abril, del llibre tercer del Codi civil de Catalunya, relatiu a les persones jur\u00eddiques; la Llei org\u00e0nica 1\/2002, [&hellip;]<\/p>\n","protected":false},"author":1,"featured_media":0,"parent":0,"menu_order":0,"comment_status":"closed","ping_status":"closed","template":"elementor_header_footer","meta":{"footnotes":""},"class_list":["post-587","page","type-page","status-publish","hentry"],"_links":{"self":[{"href":"https:\/\/ateneuadrianenc.cat\/home\/wp-json\/wp\/v2\/pages\/587","targetHints":{"allow":["GET"]}}],"collection":[{"href":"https:\/\/ateneuadrianenc.cat\/home\/wp-json\/wp\/v2\/pages"}],"about":[{"href":"https:\/\/ateneuadrianenc.cat\/home\/wp-json\/wp\/v2\/types\/page"}],"author":[{"embeddable":true,"href":"https:\/\/ateneuadrianenc.cat\/home\/wp-json\/wp\/v2\/users\/1"}],"replies":[{"embeddable":true,"href":"https:\/\/ateneuadrianenc.cat\/home\/wp-json\/wp\/v2\/comments?post=587"}],"version-history":[{"count":118,"href":"https:\/\/ateneuadrianenc.cat\/home\/wp-json\/wp\/v2\/pages\/587\/revisions"}],"predecessor-version":[{"id":6647,"href":"https:\/\/ateneuadrianenc.cat\/home\/wp-json\/wp\/v2\/pages\/587\/revisions\/6647"}],"wp:attachment":[{"href":"https:\/\/ateneuadrianenc.cat\/home\/wp-json\/wp\/v2\/media?parent=587"}],"curies":[{"name":"wp","href":"https:\/\/api.w.org\/{rel}","templated":true}]}}